{"id":13539,"date":"2026-04-22T17:29:24","date_gmt":"2026-04-22T14:29:24","guid":{"rendered":"https:\/\/teletorn.ee\/?post_type=events&#038;p=13539"},"modified":"2026-05-03T16:20:55","modified_gmt":"2026-05-03T13:20:55","slug":"taalla-tallinn-vuosisata-eetterissa","status":"publish","type":"events","link":"https:\/\/teletorn.ee\/fi\/tapahtumat\/taalla-tallinn-vuosisata-eetterissa\/","title":{"rendered":"T\u00e4\u00e4ll\u00e4 Tallinn! Vuosisata eetteriss\u00e4."},"content":{"rendered":"\n<div id=\"block_3f19cdefae87e8d423aaabc86f84cb7c\" class=\"teletorn-banner featured-image\">\n\n  \n\n    \n    \n  <style> #block_3f19cdefae87e8d423aaabc86f84cb7c{ background-image: url(https:\/\/teletorn.ee\/wp-content\/uploads\/2026\/04\/teletorn-siin-tallinn-rahvusringhaaling100-desktop-2.png)}<\/style>  <style>@media (max-width: 800px) { #block_3f19cdefae87e8d423aaabc86f84cb7c{ background-image: url(https:\/\/teletorn.ee\/wp-content\/uploads\/2026\/04\/teletorn-siin-tallinn-rahvusringhaaling100-esileht-1.png)}}<\/style>\n<\/div>\n\n\n\n<div id=\"block_f03ad0737b55e4f8b80f93474227a8ce\" class=\"narrow-text-block with-inner-padding\" aria-hidden=\"true\">\n  <div class=\"wrap \">\n    <div class=\"wrap-inner\">\n      <p>Kokonaisuusn\u00e4yttely \u201d <strong>T\u00e4\u00e4ll\u00e4 Tallinn! Vuosisata eetteriss\u00e4\u201c<\/strong>on omistettu Viron yleisradioinnin 100-vuotisjuhlavuodelle. Eri-ilmeisist\u00e4 n\u00e4yttelyist\u00e4 ja ohjelmista koostuva kokonaisuus vie k\u00e4vij\u00e4n matkalle l\u00e4pi kokonaisen vuosisadan.<\/p>\n<p>&nbsp;<\/p>\n<p>Astumme aikaan, jolloin radio oli merkitt\u00e4v\u00e4 innovaatio ja ikkuna maailmaan. Samalla p\u00e4\u00e4set kokeilemaan nykyaikaisimpia mediav\u00e4lineit\u00e4 TV-tornin digimediatilassa, ReelsLabissa, jossa vierailusta voi synty\u00e4 mukaansatempaava lyhyt video, sek\u00e4 reel tai story.<\/p>\n<p>N\u00e4yttely avaa median kehityksen tarinaa sen keskeisten vaikuttajien, teknologisten saavutusten sek\u00e4 arkea ja el\u00e4m\u00e4\u00e4 kuvaavien kertomusten kautta, jotka ovat kuljettaneet meid\u00e4t t\u00e4h\u00e4n p\u00e4iv\u00e4\u00e4n. Tallinnan TV-torni, jolla on ollut merkitt\u00e4v\u00e4 rooli Viron yleisradioinnin vuosisadassa, on n\u00e4iden tarinoiden kertomiseen ainutlaatuinen paikka ja Viron median ja viestinn\u00e4n symboli.<\/p>\n<h2>N\u00e4yttelyt: \u201d T\u00e4\u00e4ll\u00e4 Tallinn! Vuosisata eetteriss\u00e4\u201d<\/h2>\n<p>Otsikon \u201d T\u00e4\u00e4ll\u00e4 Tallinn! Vuosisata eetteriss\u00e4\u201d alle kokoontuu yhdeks\u00e4n kiehtovaa n\u00e4yttely\u00e4, joista jokainen tarkastelee median kehityst\u00e4 eri n\u00e4k\u00f6kulmasta:<\/p>\n<ul>\n<li><span style=\"color: #007696;\"><strong><a style=\"color: #007696;\" href=\"https:\/\/teletorn.ee\/fi\/tapahtumat\/viron-yleisradiotoiminnan-alkuvaiheet\/\" target=\"_blank\" rel=\"noopener\">\u201dViron yleisradiotoiminnan alkuvaiheet\u2026\u2026\u201d<\/a><\/strong><\/span> tarjoaa katsauksen yleisradioinnin syntyhetkiin Virossa.<\/li>\n<li><a href=\"https:\/\/teletorn.ee\/fi\/tapahtumat\/viron-radiohistorian-nayttely-tallinnan-tv-tornissa\/\" target=\"_blank\" rel=\"noopener\"><span style=\"color: #007696;\"><strong>\u201dVuosisata Viron radiossa. Ensimm\u00e4iset vuosikymmenet\u201d<\/strong><\/span><\/a> keskittyy radion ja yleisradioinnin varhaisiin vuosikymmeniin ennen toista maailmansotaa.<\/li>\n<li><a href=\"https:\/\/teletorn.ee\/fi\/tapahtumat\/vuosisata-viron-radiokuulijoita\/\" target=\"_blank\" rel=\"noopener\"><span style=\"color: #007696;\"><strong>\u201dVuosisata Viron radiokuulijoita\u201d<\/strong><\/span><\/a> esittelee virolaisia ja heid\u00e4n kotinsa ylpeydenaihetta \u2013 radiota.<\/li>\n<li><a href=\"https:\/\/teletorn.ee\/fi\/tapahtumat\/tv-legendojen-vuosisata-nayttely\/\" target=\"_blank\" rel=\"noopener\"><span style=\"color: #007696;\"><strong>\u201dTV-legendojen vuosisata. ETV:n naiset\u201d<\/strong><\/span><\/a> tuo esiin rakastettuja televisiopersoonia seitsem\u00e4lt\u00e4 vuosikymmenelt\u00e4.<\/li>\n<li><a href=\"https:\/\/teletorn.ee\/fi\/tapahtumat\/koottuja-hetkia-nayttely\/\" target=\"_blank\" rel=\"noopener\"><span style=\"color: #007696;\"><strong>\u201dKoottuja hetki\u00e4. Toomas Uban, Lembitu Kuusen ja Raul Rebasen tarinat esineiden kautta\u201d<\/strong> <\/span><\/a>kertoo kolmen legendaarisen urheilutoimittajan tarinat heid\u00e4n henkil\u00f6kohtaisten ja ty\u00f6v\u00e4lineidens\u00e4 kautta.<\/li>\n<li>\u201d<strong>Samalla aallonpituudella. TV-tornin fysiikka<\/strong>\u201d vie k\u00e4vij\u00e4n median ja TV-tornin taustalla olevan tieteen, teknologian ja kiehtovien ilmi\u00f6iden maailmaan.<\/li>\n<li>\u201d<strong>Sata vuotta Euroopan eetteriss\u00e4<\/strong>\u201d tarkastelee yleisradioinnin kehityst\u00e4 Euroopassa ja esittelee historiallisia radioita eri puolilta mannerta.<\/li>\n<li>\u201d<strong>Tornista taskuun<\/strong>\u201d kutsuu pohtimaan, miten olemme siirtyneet varhaisista radioista ja nappipuhelimista nykyp\u00e4iv\u00e4n \u00e4lylaitteisiin.<\/li>\n<li><strong>\u201dAarteita YLE TV:n arkistoista<\/strong>\u201d esittelee harvinaisia ja kiinnostavia esineit\u00e4 Suomen television historiasta ja on kunnianosoitus naapurimaalle, jonka yleisradio t\u00e4ytt\u00e4\u00e4 t\u00e4n\u00e4 vuonna 100 vuotta.<\/li>\n<\/ul>\n<p>\u201d<strong>T\u00e4\u00e4ll\u00e4 Tallinn! Vuosisata eetteriss\u00e4<\/strong>\u201d on el\u00e4mys, jossa kohtaat tuttuja radio\u00e4\u00e4ni\u00e4 ja televisiopersoonia, p\u00e4\u00e4set kurkistamaan median kulissien taakse, tutustumaan siihen liittyv\u00e4\u00e4n tieteeseen ja teknologiaan sek\u00e4 kokemaan, miten media on vaikuttanut el\u00e4m\u00e4\u00e4mme, yhteiskuntaamme ja sinuun itseesi.<\/p>\n<h3>Tule osaksi tarinaa\u2026<\/h3>\n<p>\u2026tarinaa, joka on kaikunut eetteriss\u00e4 jo sata vuotta,<br \/>\n\u2026tarinaa, joka on kulkenut mukanamme el\u00e4m\u00e4n kaikissa hetkiss\u00e4 ja tuonut meille iloa ja yhteenkuuluvuuden tunnetta,<br \/>\n\u2026tarinaa, joka jatkuu t\u00e4n\u00e4\u00e4n t\u00e4\u00e4ll\u00e4, TV-tornissa.<\/p>\n<h2>Tiimi ja yhteisty\u00f6kumppanit<\/h2>\n<p>\u201d<strong> T\u00e4\u00e4ll\u00e4 Tallinn! Vuosisata eetteriss\u00e4<\/strong>\u201d n\u00e4yttelyt ja ohjelmat on toteutettu yhteisty\u00f6ss\u00e4 seuraavien tahojen kanssa:<br \/>\nViron yleisradiomuseo, ERR, Viron tiedevirasto, Viron urheilu- ja olympiamuseo, Viron merimuseo, Energia avastuskeskus, Viron luonnonhistoriallinen museo, Tallinnan kasvitieteellinen puutarha, Rikets Aianduskeskus, Suomen instituutti, YLE, Viron yleisradioyhdistys, AS Levira, Lipuvabrik O\u00dc, Postimees, JYSK Linnen\u2019n Furniture, Romanian, It\u00e4vallan, Suomen, Ruotsin, Irlannin, Norjan, Saksan, Italian ja Tanskan suurl\u00e4hetyst\u00f6t, Tartu Hansa Rotary -klubi sek\u00e4 Juhan Sihver, Raul Rebane, Aare Baumer ja monet muut tukijat ja vapaaehtoiset.<\/p>\n<p>N\u00e4yttelyiden kuraattorit ovat Kertu Saks ja Aare Baumer.<\/p>\n<p><strong>Sijainti:<\/strong> Tallinnan TV-torni<br \/>\n<strong>P\u00e4\u00e4sy:<\/strong> N\u00e4yttelyihin p\u00e4\u00e4see TV-tornin p\u00e4\u00e4sylipulla<\/p>\n    <\/div>\n  <\/div>\n<\/div>\n\n\n\n<hr class=\"wp-block-separator has-alpha-channel-opacity\"\/>\n","protected":false},"featured_media":13482,"template":"","class_list":["post-13539","events","type-events","status-publish","has-post-thumbnail","hentry"],"acf":[],"yoast_head":"<!-- This site is optimized with the Yoast SEO Premium plugin v27.2 (Yoast SEO v27.5) - https:\/\/yoast.com\/product\/yoast-seo-premium-wordpress\/ -->\n<title>T\u00e4\u00e4ll\u00e4 Tallinn! Vuosisata eetteriss\u00e4 | N\u00e4yttely Tallinnan TV-tornissa<\/title>\n<meta name=\"description\" content=\"Koe Viron yleisradioinnin 100 vuotta Tallinnan TV-tornissa. \u201dT\u00e4\u00e4ll\u00e4 Tallinn! Vuosisata eetteriss\u00e4\u201d n\u00e4yttely vie matkalle median historiaan ja nykyp\u00e4iv\u00e4\u00e4n.\" \/>\n<meta name=\"robots\" content=\"index, follow, max-snippet:-1, max-image-preview:large, max-video-preview:-1\" \/>\n<link rel=\"canonical\" href=\"https:\/\/teletorn.ee\/fi\/tapahtumat\/taalla-tallinn-vuosisata-eetterissa\/\" \/>\n<meta property=\"og:locale\" content=\"fi_FI\" \/>\n<meta property=\"og:type\" content=\"article\" \/>\n<meta property=\"og:title\" content=\"T\u00e4\u00e4ll\u00e4 Tallinn! Vuosisata eetteriss\u00e4.\" \/>\n<meta property=\"og:description\" content=\"Koe Viron yleisradioinnin 100 vuotta Tallinnan TV-tornissa. \u201dT\u00e4\u00e4ll\u00e4 Tallinn! Vuosisata eetteriss\u00e4\u201d n\u00e4yttely vie matkalle median historiaan ja nykyp\u00e4iv\u00e4\u00e4n.\" \/>\n<meta property=\"og:url\" content=\"https:\/\/teletorn.ee\/fi\/tapahtumat\/taalla-tallinn-vuosisata-eetterissa\/\" \/>\n<meta property=\"og:site_name\" content=\"Teletorn.ee\" \/>\n<meta property=\"article:modified_time\" content=\"2026-05-03T13:20:55+00:00\" \/>\n<meta property=\"og:image\" content=\"https:\/\/teletorn.ee\/wp-content\/uploads\/2026\/04\/teletorn-siin-tallinn-rahvusringhaaling100-esileht-1.png\" \/>\n\t<meta property=\"og:image:width\" content=\"560\" \/>\n\t<meta property=\"og:image:height\" content=\"560\" \/>\n\t<meta property=\"og:image:type\" content=\"image\/png\" \/>\n<meta name=\"twitter:card\" content=\"summary_large_image\" \/>\n<meta name=\"twitter:label1\" content=\"Arvioitu lukuaika\" \/>\n\t<meta name=\"twitter:data1\" content=\"1 minuutti\" \/>\n<script type=\"application\/ld+json\" class=\"yoast-schema-graph\">{\"@context\":\"https:\\\/\\\/schema.org\",\"@graph\":[{\"@type\":\"WebPage\",\"@id\":\"https:\\\/\\\/teletorn.ee\\\/fi\\\/tapahtumat\\\/taalla-tallinn-vuosisata-eetterissa\\\/\",\"url\":\"https:\\\/\\\/teletorn.ee\\\/fi\\\/tapahtumat\\\/taalla-tallinn-vuosisata-eetterissa\\\/\",\"name\":\"T\u00e4\u00e4ll\u00e4 Tallinn! Vuosisata eetteriss\u00e4 | N\u00e4yttely Tallinnan TV-tornissa\",\"isPartOf\":{\"@id\":\"https:\\\/\\\/tt.uptodate.ee\\\/#website\"},\"primaryImageOfPage\":{\"@id\":\"https:\\\/\\\/teletorn.ee\\\/fi\\\/tapahtumat\\\/taalla-tallinn-vuosisata-eetterissa\\\/#primaryimage\"},\"image\":{\"@id\":\"https:\\\/\\\/teletorn.ee\\\/fi\\\/tapahtumat\\\/taalla-tallinn-vuosisata-eetterissa\\\/#primaryimage\"},\"thumbnailUrl\":\"https:\\\/\\\/teletorn.ee\\\/wp-content\\\/uploads\\\/2026\\\/04\\\/teletorn-siin-tallinn-rahvusringhaaling100-esileht-1.png\",\"datePublished\":\"2026-04-22T14:29:24+00:00\",\"dateModified\":\"2026-05-03T13:20:55+00:00\",\"description\":\"Koe Viron yleisradioinnin 100 vuotta Tallinnan TV-tornissa. \u201dT\u00e4\u00e4ll\u00e4 Tallinn! Vuosisata eetteriss\u00e4\u201d n\u00e4yttely vie matkalle median historiaan ja nykyp\u00e4iv\u00e4\u00e4n.\",\"breadcrumb\":{\"@id\":\"https:\\\/\\\/teletorn.ee\\\/fi\\\/tapahtumat\\\/taalla-tallinn-vuosisata-eetterissa\\\/#breadcrumb\"},\"inLanguage\":\"fi\",\"potentialAction\":[{\"@type\":\"ReadAction\",\"target\":[\"https:\\\/\\\/teletorn.ee\\\/fi\\\/tapahtumat\\\/taalla-tallinn-vuosisata-eetterissa\\\/\"]}]},{\"@type\":\"ImageObject\",\"inLanguage\":\"fi\",\"@id\":\"https:\\\/\\\/teletorn.ee\\\/fi\\\/tapahtumat\\\/taalla-tallinn-vuosisata-eetterissa\\\/#primaryimage\",\"url\":\"https:\\\/\\\/teletorn.ee\\\/wp-content\\\/uploads\\\/2026\\\/04\\\/teletorn-siin-tallinn-rahvusringhaaling100-esileht-1.png\",\"contentUrl\":\"https:\\\/\\\/teletorn.ee\\\/wp-content\\\/uploads\\\/2026\\\/04\\\/teletorn-siin-tallinn-rahvusringhaaling100-esileht-1.png\",\"width\":560,\"height\":560},{\"@type\":\"BreadcrumbList\",\"@id\":\"https:\\\/\\\/teletorn.ee\\\/fi\\\/tapahtumat\\\/taalla-tallinn-vuosisata-eetterissa\\\/#breadcrumb\",\"itemListElement\":[{\"@type\":\"ListItem\",\"position\":1,\"name\":\"Home\",\"item\":\"https:\\\/\\\/teletorn.ee\\\/fi\\\/\"},{\"@type\":\"ListItem\",\"position\":2,\"name\":\"T\u00e4\u00e4ll\u00e4 Tallinn! Vuosisata eetteriss\u00e4.\"}]},{\"@type\":\"WebSite\",\"@id\":\"https:\\\/\\\/tt.uptodate.ee\\\/#website\",\"url\":\"https:\\\/\\\/tt.uptodate.ee\\\/\",\"name\":\"Teletorn.ee\",\"description\":\"\",\"potentialAction\":[{\"@type\":\"SearchAction\",\"target\":{\"@type\":\"EntryPoint\",\"urlTemplate\":\"https:\\\/\\\/tt.uptodate.ee\\\/?s={search_term_string}\"},\"query-input\":{\"@type\":\"PropertyValueSpecification\",\"valueRequired\":true,\"valueName\":\"search_term_string\"}}],\"inLanguage\":\"fi\"}]}<\/script>\n<!-- \/ Yoast SEO Premium plugin. -->","yoast_head_json":{"title":"T\u00e4\u00e4ll\u00e4 Tallinn! Vuosisata eetteriss\u00e4 | N\u00e4yttely Tallinnan TV-tornissa","description":"Koe Viron yleisradioinnin 100 vuotta Tallinnan TV-tornissa. \u201dT\u00e4\u00e4ll\u00e4 Tallinn! Vuosisata eetteriss\u00e4\u201d n\u00e4yttely vie matkalle median historiaan ja nykyp\u00e4iv\u00e4\u00e4n.","robots":{"index":"index","follow":"follow","max-snippet":"max-snippet:-1","max-image-preview":"max-image-preview:large","max-video-preview":"max-video-preview:-1"},"canonical":"https:\/\/teletorn.ee\/fi\/tapahtumat\/taalla-tallinn-vuosisata-eetterissa\/","og_locale":"fi_FI","og_type":"article","og_title":"T\u00e4\u00e4ll\u00e4 Tallinn! Vuosisata eetteriss\u00e4.","og_description":"Koe Viron yleisradioinnin 100 vuotta Tallinnan TV-tornissa. \u201dT\u00e4\u00e4ll\u00e4 Tallinn! Vuosisata eetteriss\u00e4\u201d n\u00e4yttely vie matkalle median historiaan ja nykyp\u00e4iv\u00e4\u00e4n.","og_url":"https:\/\/teletorn.ee\/fi\/tapahtumat\/taalla-tallinn-vuosisata-eetterissa\/","og_site_name":"Teletorn.ee","article_modified_time":"2026-05-03T13:20:55+00:00","og_image":[{"width":560,"height":560,"url":"https:\/\/teletorn.ee\/wp-content\/uploads\/2026\/04\/teletorn-siin-tallinn-rahvusringhaaling100-esileht-1.png","type":"image\/png"}],"twitter_card":"summary_large_image","twitter_misc":{"Arvioitu lukuaika":"1 minuutti"},"schema":{"@context":"https:\/\/schema.org","@graph":[{"@type":"WebPage","@id":"https:\/\/teletorn.ee\/fi\/tapahtumat\/taalla-tallinn-vuosisata-eetterissa\/","url":"https:\/\/teletorn.ee\/fi\/tapahtumat\/taalla-tallinn-vuosisata-eetterissa\/","name":"T\u00e4\u00e4ll\u00e4 Tallinn! Vuosisata eetteriss\u00e4 | N\u00e4yttely Tallinnan TV-tornissa","isPartOf":{"@id":"https:\/\/tt.uptodate.ee\/#website"},"primaryImageOfPage":{"@id":"https:\/\/teletorn.ee\/fi\/tapahtumat\/taalla-tallinn-vuosisata-eetterissa\/#primaryimage"},"image":{"@id":"https:\/\/teletorn.ee\/fi\/tapahtumat\/taalla-tallinn-vuosisata-eetterissa\/#primaryimage"},"thumbnailUrl":"https:\/\/teletorn.ee\/wp-content\/uploads\/2026\/04\/teletorn-siin-tallinn-rahvusringhaaling100-esileht-1.png","datePublished":"2026-04-22T14:29:24+00:00","dateModified":"2026-05-03T13:20:55+00:00","description":"Koe Viron yleisradioinnin 100 vuotta Tallinnan TV-tornissa. \u201dT\u00e4\u00e4ll\u00e4 Tallinn! Vuosisata eetteriss\u00e4\u201d n\u00e4yttely vie matkalle median historiaan ja nykyp\u00e4iv\u00e4\u00e4n.","breadcrumb":{"@id":"https:\/\/teletorn.ee\/fi\/tapahtumat\/taalla-tallinn-vuosisata-eetterissa\/#breadcrumb"},"inLanguage":"fi","potentialAction":[{"@type":"ReadAction","target":["https:\/\/teletorn.ee\/fi\/tapahtumat\/taalla-tallinn-vuosisata-eetterissa\/"]}]},{"@type":"ImageObject","inLanguage":"fi","@id":"https:\/\/teletorn.ee\/fi\/tapahtumat\/taalla-tallinn-vuosisata-eetterissa\/#primaryimage","url":"https:\/\/teletorn.ee\/wp-content\/uploads\/2026\/04\/teletorn-siin-tallinn-rahvusringhaaling100-esileht-1.png","contentUrl":"https:\/\/teletorn.ee\/wp-content\/uploads\/2026\/04\/teletorn-siin-tallinn-rahvusringhaaling100-esileht-1.png","width":560,"height":560},{"@type":"BreadcrumbList","@id":"https:\/\/teletorn.ee\/fi\/tapahtumat\/taalla-tallinn-vuosisata-eetterissa\/#breadcrumb","itemListElement":[{"@type":"ListItem","position":1,"name":"Home","item":"https:\/\/teletorn.ee\/fi\/"},{"@type":"ListItem","position":2,"name":"T\u00e4\u00e4ll\u00e4 Tallinn! Vuosisata eetteriss\u00e4."}]},{"@type":"WebSite","@id":"https:\/\/tt.uptodate.ee\/#website","url":"https:\/\/tt.uptodate.ee\/","name":"Teletorn.ee","description":"","potentialAction":[{"@type":"SearchAction","target":{"@type":"EntryPoint","urlTemplate":"https:\/\/tt.uptodate.ee\/?s={search_term_string}"},"query-input":{"@type":"PropertyValueSpecification","valueRequired":true,"valueName":"search_term_string"}}],"inLanguage":"fi"}]}},"_links":{"self":[{"href":"https:\/\/teletorn.ee\/fi\/wp-json\/wp\/v2\/events\/13539","targetHints":{"allow":["GET"]}}],"collection":[{"href":"https:\/\/teletorn.ee\/fi\/wp-json\/wp\/v2\/events"}],"about":[{"href":"https:\/\/teletorn.ee\/fi\/wp-json\/wp\/v2\/types\/events"}],"version-history":[{"count":1,"href":"https:\/\/teletorn.ee\/fi\/wp-json\/wp\/v2\/events\/13539\/revisions"}],"predecessor-version":[{"id":13540,"href":"https:\/\/teletorn.ee\/fi\/wp-json\/wp\/v2\/events\/13539\/revisions\/13540"}],"wp:featuredmedia":[{"embeddable":true,"href":"https:\/\/teletorn.ee\/fi\/wp-json\/wp\/v2\/media\/13482"}],"wp:attachment":[{"href":"https:\/\/teletorn.ee\/fi\/wp-json\/wp\/v2\/media?parent=13539"}],"curies":[{"name":"wp","href":"https:\/\/api.w.org\/{rel}","templated":true}]}}