{"id":18335,"date":"2026-07-10T16:27:05","date_gmt":"2026-07-10T13:27:05","guid":{"rendered":"https:\/\/teletorn.ee\/?post_type=events&#038;p=18335"},"modified":"2026-08-20T11:29:34","modified_gmt":"2026-08-20T08:29:34","slug":"perhepaiva-20-elokuuta-2026","status":"publish","type":"events","link":"https:\/\/teletorn.ee\/fi\/tapahtumat\/perhepaiva-20-elokuuta-2026\/","title":{"rendered":"Perhep\u00e4iv\u00e4 20. elokuuta 2026"},"content":{"rendered":"\n<div id=\"block_9e2014add00c77eeef6d0c11083815af\" class=\"narrow-text-block with-inner-padding\" aria-hidden=\"true\">\n  <div class=\"wrap \">\n    <div class=\"wrap-inner\">\n      <h1 class=\"PDq2pG_selectionAnchorContainer\" data-section-id=\"18h6wup\" data-start=\"0\" data-end=\"30\">Perhep\u00e4iv\u00e4 20. elokuuta 2026<\/h1>\n<h3 data-section-id=\"kxvf9t\" data-start=\"32\" data-end=\"197\"><span role=\"text\"><strong data-start=\"36\" data-end=\"197\">20. elokuuta kutsumme teid\u00e4t Tallinnan televisiotorniin juhlistamaan Viron uudelleenitsen\u00e4istymisp\u00e4iv\u00e4\u00e4 monipuolisen ja el\u00e4myksellisen perhep\u00e4iv\u00e4n merkeiss\u00e4.<\/strong><\/span><\/h3>\n<p data-start=\"199\" data-end=\"332\">P\u00e4iv\u00e4 tuo yhteen maanpuolustuksen, turvallisuuden ja yhteis\u00f6llisyyden sek\u00e4 tarjoaa kiinnostavaa tekemist\u00e4 kaikenik\u00e4isille k\u00e4vij\u00f6ille.<\/p>\n<p data-start=\"334\" data-end=\"685\">Tallinnan televisiotornilla oli t\u00e4rke\u00e4 rooli Viron vapauden puolustamisessa elokuussa 1991. Uudelleenitsen\u00e4istymisp\u00e4iv\u00e4n\u00e4 kutsumme kaikki muistelemaan n\u00e4it\u00e4 historiallisia tapahtumia yhdess\u00e4 ja viett\u00e4m\u00e4\u00e4n p\u00e4iv\u00e4\u00e4, jossa historia, nykyp\u00e4iv\u00e4 ja tulevaisuus kohtaavat. <strong data-start=\"599\" data-end=\"685\">Perhep\u00e4iv\u00e4n ohjelma Tallinnan televisiotornin ulkoalueella on kaikille MAKSUTONTA.<\/strong><\/p>\n<h2 data-section-id=\"1yn1c9\" data-start=\"687\" data-end=\"703\">P\u00e4iv\u00e4n aikana<\/h2>\n<p data-start=\"705\" data-end=\"949\">K\u00e4vij\u00e4t voivat tutustua <strong data-start=\"729\" data-end=\"876\">Viron suojeluskunnan (Kaitseliit), Naiskodukaitsen, poliisi- ja rajavartiolaitoksen, pelastuslaitoksen, Viron Punaisen Ristin sek\u00e4 Naabrivalven<\/strong> toimintaan sek\u00e4 osallistua ty\u00f6pajoihin, infotilaisuuksiin ja n\u00e4yt\u00f6ksiin.<\/p>\n<p data-start=\"951\" data-end=\"1262\">Ulkoalueella p\u00e4\u00e4see tutustumaan puolustuskalustoon ja -varusteisiin, kokeilemaan ilmakiv\u00e4\u00e4riammuntaa sek\u00e4 tutustumaan drooneihin, viestint\u00e4v\u00e4lineisiin, pioneerivarusteisiin ja kranaatinheitinsimulaattoriin. Lis\u00e4ksi voi osallistua k\u00f6ysikoulutukseen ja oppia, kuinka toimia paremmin erilaisissa kriisitilanteissa.<\/p>\n<p data-start=\"1264\" data-end=\"1640\">Perhep\u00e4iv\u00e4n avaa klo <strong data-start=\"1285\" data-end=\"1334\">12.00 Kaitseliitin Tallinnan piirin orkesteri<\/strong>. P\u00e4iv\u00e4n aikana j\u00e4rjestet\u00e4\u00e4n pelastuslaitoksen sek\u00e4 poliisi- ja rajavartiolaitoksen infotilaisuuksia, l\u00e4hitaistelun\u00e4yt\u00f6s sek\u00e4 <strong data-start=\"1460\" data-end=\"1513\">Kodukaitsen historiatoimikunnan historiaseminaari<\/strong>, jonka vet\u00e4\u00e4 Aadu J\u00f5giaas. Lapsille on avoinna askartelualue, ja p\u00e4iv\u00e4n p\u00e4\u00e4tt\u00e4\u00e4 klo <strong data-start=\"1598\" data-end=\"1639\">17.00 Black Velvet -yhtyeen konsertti<\/strong>.<\/p>\n<p data-start=\"1642\" data-end=\"1828\">P\u00e4iv\u00e4n tunnelmaa t\u00e4ydent\u00e4\u00e4 monipuolinen ruokakatu, jossa makuel\u00e4myksi\u00e4 tarjoavat <strong data-start=\"1723\" data-end=\"1778\">RedisFood, Uulits, Friika Friik, Kausik ja SK Teams<\/strong> sek\u00e4 <strong data-start=\"1784\" data-end=\"1797\">Balbiinon<\/strong> ja <strong data-start=\"1801\" data-end=\"1812\">Premian<\/strong> j\u00e4\u00e4tel\u00f6kioskit.<\/p>\n<p data-start=\"1830\" data-end=\"1975\">Kannattaa samalla vierailla my\u00f6s Tallinnan televisiotornin n\u00e4k\u00f6alatasanteella ja n\u00e4yttelyiss\u00e4 \u2013 sis\u00e4\u00e4np\u00e4\u00e4sy voimassa olevan hinnaston mukaisesti.<\/p>\n<hr data-start=\"1977\" data-end=\"1980\" \/>\n<h1 data-section-id=\"upzien\" data-start=\"1982\" data-end=\"1998\">P\u00e4iv\u00e4n ohjelma<\/h1>\n<p data-start=\"2000\" data-end=\"2055\"><strong data-start=\"2000\" data-end=\"2009\">10.00<\/strong> \u2013 Tallinnan televisiotorni avataan k\u00e4vij\u00f6ille<\/p>\n<p data-start=\"2057\" data-end=\"2140\"><strong data-start=\"2057\" data-end=\"2066\">12.00<\/strong> \u2013 Perhep\u00e4iv\u00e4n avaus ja Kaitseliitin Tallinnan piirin orkesterin konsertti<\/p>\n<p data-start=\"2142\" data-end=\"2173\"><strong data-start=\"2142\" data-end=\"2157\">12.00\u201316.00<\/strong> \u2013 Askartelualue<\/p>\n<p data-start=\"2175\" data-end=\"2264\"><strong data-start=\"2175\" data-end=\"2190\">14.00\u201316.00<\/strong> \u2013 Kodukaitsen historiatoimikunnan historiaseminaari (vain kutsuvieraille)<\/p>\n<p data-start=\"2266\" data-end=\"2296\"><strong data-start=\"2266\" data-end=\"2275\">14.30<\/strong> \u2013 L\u00e4hitaistelun\u00e4yt\u00f6s<\/p>\n<p data-start=\"2298\" data-end=\"2326\"><strong data-start=\"2298\" data-end=\"2307\">17.00<\/strong> \u2013 <strong data-start=\"2310\" data-end=\"2326\">Black Velvet<\/strong><\/p>\n<p data-start=\"2328\" data-end=\"2358\"><strong data-start=\"2328\" data-end=\"2337\">18.00<\/strong> \u2013 Perhep\u00e4iv\u00e4 p\u00e4\u00e4ttyy<\/p>\n<hr data-start=\"2360\" data-end=\"2363\" \/>\n<h1 data-section-id=\"qy8tqy\" data-start=\"2365\" data-end=\"2383\">K\u00e4yt\u00e4nn\u00f6n tietoa<\/h1>\n<p data-start=\"2385\" data-end=\"2474\">\ud83d\udccd Perhep\u00e4iv\u00e4n ohjelma Tallinnan televisiotornin ulkoalueella on kaikille <strong data-start=\"2459\" data-end=\"2473\">maksutonta<\/strong>.<\/p>\n<p data-start=\"2476\" data-end=\"2581\">\ud83d\ude97 Pys\u00e4k\u00f6inti Tallinnan televisiotornin pys\u00e4k\u00f6intialueella on 20. elokuuta maksullista \u2013 <strong data-start=\"2565\" data-end=\"2580\">5 \u20ac \/ p\u00e4iv\u00e4<\/strong>.<\/p>\n<p data-start=\"2583\" data-end=\"2779\">\u267b\ufe0f Suosittelemme saapumaan k\u00e4vellen, polkupy\u00f6r\u00e4ll\u00e4, potkulaudalla tai julkisilla liikennev\u00e4lineill\u00e4. Tallinnan televisiotorni on <strong data-start=\"2712\" data-end=\"2744\">Green Key -sertifioitu kohde<\/strong>, joka arvostaa kest\u00e4vi\u00e4 valintoja.<\/p>\n<p data-start=\"2781\" data-end=\"3100\">*J\u00e4rjest\u00e4j\u00e4 tallentaa tapahtumaa valokuvaamalla sek\u00e4 tekem\u00e4ll\u00e4 video- ja \u00e4\u00e4nitallenteita. Materiaalia voidaan jakaa osallistujille ja julkisissa mediakanavissa sek\u00e4 k\u00e4ytt\u00e4\u00e4 vastaavien tapahtumien markkinoinnissa. Tarkempaa tietoa henkil\u00f6tietojen k\u00e4sittelyst\u00e4 l\u00f6ytyy <strong data-start=\"3048\" data-end=\"3099\">Tallinnan televisiotornin tietosuojak\u00e4yt\u00e4nn\u00f6st\u00e4<\/strong>.<\/p>\n<p data-start=\"3102\" data-end=\"3151\" data-is-last-node=\"\" data-is-only-node=\"\">*J\u00e4rjest\u00e4j\u00e4 pid\u00e4tt\u00e4\u00e4 oikeuden ohjelmamuutoksiin.<\/p>\n    <\/div>\n  <\/div>\n<\/div>\n","protected":false},"featured_media":15797,"template":"","class_list":["post-18335","events","type-events","status-publish","has-post-thumbnail","hentry"],"acf":[],"yoast_head":"<!-- This site is optimized with the Yoast SEO Premium plugin v28.1 (Yoast SEO v28.3) - https:\/\/yoast.com\/product\/yoast-seo-premium-wordpress\/ -->\n<title>Perhep\u00e4iv\u00e4 20. elokuuta 2026 - Teletorn.ee<\/title>\n<meta name=\"description\" content=\"Teletorn.ee - Perhep\u00e4iv\u00e4 20. elokuuta 2026\" \/>\n<meta name=\"robots\" content=\"index, follow, max-snippet:-1, max-image-preview:large, max-video-preview:-1\" \/>\n<link rel=\"canonical\" href=\"https:\/\/teletorn.ee\/fi\/tapahtumat\/perhepaiva-20-elokuuta-2026\/\" \/>\n<meta property=\"og:locale\" content=\"fi_FI\" \/>\n<meta property=\"og:type\" content=\"article\" \/>\n<meta property=\"og:title\" content=\"Perhep\u00e4iv\u00e4 20. elokuuta 2026\" \/>\n<meta property=\"og:description\" content=\"Teletorn.ee - Perhep\u00e4iv\u00e4 20. elokuuta 2026\" \/>\n<meta property=\"og:url\" content=\"https:\/\/teletorn.ee\/fi\/tapahtumat\/perhepaiva-20-elokuuta-2026\/\" \/>\n<meta property=\"og:site_name\" content=\"Teletorn.ee\" \/>\n<meta property=\"article:modified_time\" content=\"2026-08-20T08:29:34+00:00\" \/>\n<meta property=\"og:image\" content=\"https:\/\/teletorn.ee\/wp-content\/uploads\/2026\/07\/2026.07.09-TELETORN-20.august-Koduleht-mobile.jpg\" \/>\n\t<meta property=\"og:image:width\" content=\"630\" \/>\n\t<meta property=\"og:image:height\" content=\"630\" \/>\n\t<meta property=\"og:image:type\" content=\"image\/jpeg\" \/>\n<meta name=\"twitter:card\" content=\"summary_large_image\" \/>\n<script type=\"application\/ld+json\" class=\"yoast-schema-graph\">{\"@context\":\"https:\\\/\\\/schema.org\",\"@graph\":[{\"@type\":\"WebPage\",\"@id\":\"https:\\\/\\\/teletorn.ee\\\/fi\\\/tapahtumat\\\/perhepaiva-20-elokuuta-2026\\\/\",\"url\":\"https:\\\/\\\/teletorn.ee\\\/fi\\\/tapahtumat\\\/perhepaiva-20-elokuuta-2026\\\/\",\"name\":\"Perhep\u00e4iv\u00e4 20. elokuuta 2026 - Teletorn.ee\",\"isPartOf\":{\"@id\":\"https:\\\/\\\/tt.uptodate.ee\\\/#website\"},\"primaryImageOfPage\":{\"@id\":\"https:\\\/\\\/teletorn.ee\\\/fi\\\/tapahtumat\\\/perhepaiva-20-elokuuta-2026\\\/#primaryimage\"},\"image\":{\"@id\":\"https:\\\/\\\/teletorn.ee\\\/fi\\\/tapahtumat\\\/perhepaiva-20-elokuuta-2026\\\/#primaryimage\"},\"thumbnailUrl\":\"https:\\\/\\\/teletorn.ee\\\/wp-content\\\/uploads\\\/2026\\\/07\\\/2026.07.09-TELETORN-20.august-Koduleht-mobile.jpg\",\"datePublished\":\"2026-07-10T13:27:05+00:00\",\"dateModified\":\"2026-08-20T08:29:34+00:00\",\"description\":\"Teletorn.ee - Perhep\u00e4iv\u00e4 20. elokuuta 2026\",\"breadcrumb\":{\"@id\":\"https:\\\/\\\/teletorn.ee\\\/fi\\\/tapahtumat\\\/perhepaiva-20-elokuuta-2026\\\/#breadcrumb\"},\"inLanguage\":\"fi\",\"potentialAction\":[{\"@type\":\"ReadAction\",\"target\":[\"https:\\\/\\\/teletorn.ee\\\/fi\\\/tapahtumat\\\/perhepaiva-20-elokuuta-2026\\\/\"]}]},{\"@type\":\"ImageObject\",\"inLanguage\":\"fi\",\"@id\":\"https:\\\/\\\/teletorn.ee\\\/fi\\\/tapahtumat\\\/perhepaiva-20-elokuuta-2026\\\/#primaryimage\",\"url\":\"https:\\\/\\\/teletorn.ee\\\/wp-content\\\/uploads\\\/2026\\\/07\\\/2026.07.09-TELETORN-20.august-Koduleht-mobile.jpg\",\"contentUrl\":\"https:\\\/\\\/teletorn.ee\\\/wp-content\\\/uploads\\\/2026\\\/07\\\/2026.07.09-TELETORN-20.august-Koduleht-mobile.jpg\",\"width\":630,\"height\":630,\"caption\":\"Perep\u00e4ev\"},{\"@type\":\"BreadcrumbList\",\"@id\":\"https:\\\/\\\/teletorn.ee\\\/fi\\\/tapahtumat\\\/perhepaiva-20-elokuuta-2026\\\/#breadcrumb\",\"itemListElement\":[{\"@type\":\"ListItem\",\"position\":1,\"name\":\"Home\",\"item\":\"https:\\\/\\\/teletorn.ee\\\/fi\\\/\"},{\"@type\":\"ListItem\",\"position\":2,\"name\":\"Perhep\u00e4iv\u00e4 20. elokuuta 2026\"}]},{\"@type\":\"WebSite\",\"@id\":\"https:\\\/\\\/tt.uptodate.ee\\\/#website\",\"url\":\"https:\\\/\\\/tt.uptodate.ee\\\/\",\"name\":\"Teletorn.ee\",\"description\":\"\",\"potentialAction\":[{\"@type\":\"SearchAction\",\"target\":{\"@type\":\"EntryPoint\",\"urlTemplate\":\"https:\\\/\\\/tt.uptodate.ee\\\/?s={search_term_string}\"},\"query-input\":{\"@type\":\"PropertyValueSpecification\",\"valueRequired\":true,\"valueName\":\"search_term_string\"}}],\"inLanguage\":\"fi\"}]}<\/script>\n<!-- \/ Yoast SEO Premium plugin. -->","yoast_head_json":{"title":"Perhep\u00e4iv\u00e4 20. elokuuta 2026 - Teletorn.ee","description":"Teletorn.ee - Perhep\u00e4iv\u00e4 20. elokuuta 2026","robots":{"index":"index","follow":"follow","max-snippet":"max-snippet:-1","max-image-preview":"max-image-preview:large","max-video-preview":"max-video-preview:-1"},"canonical":"https:\/\/teletorn.ee\/fi\/tapahtumat\/perhepaiva-20-elokuuta-2026\/","og_locale":"fi_FI","og_type":"article","og_title":"Perhep\u00e4iv\u00e4 20. elokuuta 2026","og_description":"Teletorn.ee - Perhep\u00e4iv\u00e4 20. elokuuta 2026","og_url":"https:\/\/teletorn.ee\/fi\/tapahtumat\/perhepaiva-20-elokuuta-2026\/","og_site_name":"Teletorn.ee","article_modified_time":"2026-08-20T08:29:34+00:00","og_image":[{"width":630,"height":630,"url":"https:\/\/teletorn.ee\/wp-content\/uploads\/2026\/07\/2026.07.09-TELETORN-20.august-Koduleht-mobile.jpg","type":"image\/jpeg"}],"twitter_card":"summary_large_image","schema":{"@context":"https:\/\/schema.org","@graph":[{"@type":"WebPage","@id":"https:\/\/teletorn.ee\/fi\/tapahtumat\/perhepaiva-20-elokuuta-2026\/","url":"https:\/\/teletorn.ee\/fi\/tapahtumat\/perhepaiva-20-elokuuta-2026\/","name":"Perhep\u00e4iv\u00e4 20. elokuuta 2026 - Teletorn.ee","isPartOf":{"@id":"https:\/\/tt.uptodate.ee\/#website"},"primaryImageOfPage":{"@id":"https:\/\/teletorn.ee\/fi\/tapahtumat\/perhepaiva-20-elokuuta-2026\/#primaryimage"},"image":{"@id":"https:\/\/teletorn.ee\/fi\/tapahtumat\/perhepaiva-20-elokuuta-2026\/#primaryimage"},"thumbnailUrl":"https:\/\/teletorn.ee\/wp-content\/uploads\/2026\/07\/2026.07.09-TELETORN-20.august-Koduleht-mobile.jpg","datePublished":"2026-07-10T13:27:05+00:00","dateModified":"2026-08-20T08:29:34+00:00","description":"Teletorn.ee - Perhep\u00e4iv\u00e4 20. elokuuta 2026","breadcrumb":{"@id":"https:\/\/teletorn.ee\/fi\/tapahtumat\/perhepaiva-20-elokuuta-2026\/#breadcrumb"},"inLanguage":"fi","potentialAction":[{"@type":"ReadAction","target":["https:\/\/teletorn.ee\/fi\/tapahtumat\/perhepaiva-20-elokuuta-2026\/"]}]},{"@type":"ImageObject","inLanguage":"fi","@id":"https:\/\/teletorn.ee\/fi\/tapahtumat\/perhepaiva-20-elokuuta-2026\/#primaryimage","url":"https:\/\/teletorn.ee\/wp-content\/uploads\/2026\/07\/2026.07.09-TELETORN-20.august-Koduleht-mobile.jpg","contentUrl":"https:\/\/teletorn.ee\/wp-content\/uploads\/2026\/07\/2026.07.09-TELETORN-20.august-Koduleht-mobile.jpg","width":630,"height":630,"caption":"Perep\u00e4ev"},{"@type":"BreadcrumbList","@id":"https:\/\/teletorn.ee\/fi\/tapahtumat\/perhepaiva-20-elokuuta-2026\/#breadcrumb","itemListElement":[{"@type":"ListItem","position":1,"name":"Home","item":"https:\/\/teletorn.ee\/fi\/"},{"@type":"ListItem","position":2,"name":"Perhep\u00e4iv\u00e4 20. elokuuta 2026"}]},{"@type":"WebSite","@id":"https:\/\/tt.uptodate.ee\/#website","url":"https:\/\/tt.uptodate.ee\/","name":"Teletorn.ee","description":"","potentialAction":[{"@type":"SearchAction","target":{"@type":"EntryPoint","urlTemplate":"https:\/\/tt.uptodate.ee\/?s={search_term_string}"},"query-input":{"@type":"PropertyValueSpecification","valueRequired":true,"valueName":"search_term_string"}}],"inLanguage":"fi"}]}},"uagb_featured_image_src":{"full":["https:\/\/teletorn.ee\/wp-content\/uploads\/2026\/07\/2026.07.09-TELETORN-20.august-Koduleht-mobile.jpg",630,630,false],"thumbnail":["https:\/\/teletorn.ee\/wp-content\/uploads\/2026\/07\/2026.07.09-TELETORN-20.august-Koduleht-mobile-300x300.jpg",300,300,true],"medium":["https:\/\/teletorn.ee\/wp-content\/uploads\/2026\/07\/2026.07.09-TELETORN-20.august-Koduleht-mobile-600x600.jpg",600,600,true],"medium_large":["https:\/\/teletorn.ee\/wp-content\/uploads\/2026\/07\/2026.07.09-TELETORN-20.august-Koduleht-mobile.jpg",630,630,false],"large":["https:\/\/teletorn.ee\/wp-content\/uploads\/2026\/07\/2026.07.09-TELETORN-20.august-Koduleht-mobile-600x600.jpg",600,600,true],"1536x1536":["https:\/\/teletorn.ee\/wp-content\/uploads\/2026\/07\/2026.07.09-TELETORN-20.august-Koduleht-mobile.jpg",630,630,false],"2048x2048":["https:\/\/teletorn.ee\/wp-content\/uploads\/2026\/07\/2026.07.09-TELETORN-20.august-Koduleht-mobile.jpg",630,630,false],"banner-desktop":["https:\/\/teletorn.ee\/wp-content\/uploads\/2026\/07\/2026.07.09-TELETORN-20.august-Koduleht-mobile.jpg",630,630,false],"banner-mobile":["https:\/\/teletorn.ee\/wp-content\/uploads\/2026\/07\/2026.07.09-TELETORN-20.august-Koduleht-mobile-600x630.jpg",600,630,true],"gallery-image":["https:\/\/teletorn.ee\/wp-content\/uploads\/2026\/07\/2026.07.09-TELETORN-20.august-Koduleht-mobile-600x400.jpg",600,400,true],"semilarge-image":["https:\/\/teletorn.ee\/wp-content\/uploads\/2026\/07\/2026.07.09-TELETORN-20.august-Koduleht-mobile.jpg",630,630,false]},"uagb_author_info":{"display_name":"Annika","author_link":"https:\/\/teletorn.ee\/fi\/author\/"},"uagb_comment_info":0,"uagb_excerpt":null,"_links":{"self":[{"href":"https:\/\/teletorn.ee\/fi\/wp-json\/wp\/v2\/events\/18335","targetHints":{"allow":["GET"]}}],"collection":[{"href":"https:\/\/teletorn.ee\/fi\/wp-json\/wp\/v2\/events"}],"about":[{"href":"https:\/\/teletorn.ee\/fi\/wp-json\/wp\/v2\/types\/events"}],"version-history":[{"count":1,"href":"https:\/\/teletorn.ee\/fi\/wp-json\/wp\/v2\/events\/18335\/revisions"}],"predecessor-version":[{"id":18336,"href":"https:\/\/teletorn.ee\/fi\/wp-json\/wp\/v2\/events\/18335\/revisions\/18336"}],"wp:featuredmedia":[{"embeddable":true,"href":"https:\/\/teletorn.ee\/fi\/wp-json\/wp\/v2\/media\/15797"}],"wp:attachment":[{"href":"https:\/\/teletorn.ee\/fi\/wp-json\/wp\/v2\/media?parent=18335"}],"curies":[{"name":"wp","href":"https:\/\/api.w.org\/{rel}","templated":true}]}}