{"id":2019,"date":"2024-03-23T14:49:21","date_gmt":"2024-03-23T12:49:21","guid":{"rendered":"https:\/\/tt.uptodate.ee\/sundmused\/"},"modified":"2025-12-30T16:44:49","modified_gmt":"2025-12-30T14:44:49","slug":"tv-tornin-tapahtumat","status":"publish","type":"page","link":"https:\/\/teletorn.ee\/fi\/tv-tornin-tapahtumat\/","title":{"rendered":"TV-tornin tapahtumat"},"content":{"rendered":"\n<div id=\"block_79d694119f1b8615060769fbd192449b\" class=\"teletorn-banner featured-image\">\n\n  \n\n    \n    \n  <style> #block_79d694119f1b8615060769fbd192449b{ background-image: url(https:\/\/teletorn.ee\/wp-content\/uploads\/2024\/07\/Teletorn-sundmused.jpg)}<\/style>  <style>@media (max-width: 800px) { #block_79d694119f1b8615060769fbd192449b{ background-image: url(https:\/\/teletorn.ee\/wp-content\/uploads\/2024\/07\/Teletorn-sundmused-2.jpg)}}<\/style>\n<\/div>\n\n\n\n<div id=\"block_4ae52e2354a288adb0876cc68f2058f6\" class=\"narrow-text-block \" aria-hidden=\"true\">\n  <div class=\"wrap \">\n    <div class=\"wrap-inner\">\n      <h1><\/h1>\n<h1 style=\"text-align: center;\">TV-tornin tapahtumat<\/h1>\n<p><span style=\"font-weight: 400;\">Tallinnan TV-torni on enemm\u00e4n kuin pelkk\u00e4 n\u00e4k\u00f6torni \u2013 se on paikka, jossa tapahtuu paljon j\u00e4nnitt\u00e4v\u00e4\u00e4 ymp\u00e4ri vuoden. Tapahtumakalenterimme on t\u00e4ynn\u00e4 erilaisia \u200b\u200bkulttuuri- ja viihdetapahtumia, jotka tarjoavat unohtumattomia el\u00e4myksi\u00e4 jokaiselle k\u00e4vij\u00e4lle. Tule mukaan erityisiin konsertteihimme, n\u00e4yttelyihimme, ty\u00f6pajoihimme ja festivaaleihimme, jotka tekev\u00e4t jokaisesta vierailusta TV-tornissa todella erilaisen!<\/span><\/p>\n<p><strong><a href=\"https:\/\/teletorn.ee\/fi\/tv-tornin-tapahtumat\/tapahtumien-arkisto\/\">Tapahtuman arkistoon p\u00e4\u00e4set t\u00e4st\u00e4.<\/a><\/strong><\/p>\n<p>&nbsp;<\/p>\n    <\/div>\n  <\/div>\n<\/div>\n\n\n\n<div id=\"block_827bfbfac355df541944e36626e67768\" class=\"teletorn-events\" aria-hidden=\"true\">\n\n  <div class=\"wrap\">\n\n    \n      \n      <div class=\"all-events-wrap\">\n\n                  <div class=\"single-event-wrap\" style=\"background-image: url('https:\/\/teletorn.ee\/wp-content\/uploads\/2024\/06\/Valikino-560-x-560-px.png');\">\n            <div class=\"single-event-wrap-inner\">\n              <h2><a href=\"https:\/\/teletorn.ee\/fi\/tapahtumat\/pirita-ulkoilmaelokuva-tv-torni\/\">Pirita ulkoilmaelokuva ja erityinen kes\u00e4ilta TV-tornin pihalla 2026<\/a><\/h2>\n              <div class=\"events-actions\">\n                              <a href=\"https:\/\/teletorn.ee\/fi\/tapahtumat\/pirita-ulkoilmaelokuva-tv-torni\/\" class=\"event-action\">Tutustu<\/a>\n                              <\/div>\n            <\/div>\n          <\/div>\n                  <div class=\"single-event-wrap\" style=\"background-image: url('https:\/\/teletorn.ee\/wp-content\/uploads\/2026\/02\/EESTI-RINGHAALINGU-ESIMESED-560-x-560-px.png');\">\n            <div class=\"single-event-wrap-inner\">\n              <h2><a href=\"https:\/\/teletorn.ee\/fi\/tapahtumat\/viron-yleisradiotoiminnan-alkuvaiheet\/\">Viron yleisradiotoiminnan alkuvaiheet<\/a><\/h2>\n              <div class=\"events-actions\">\n                              <a href=\"https:\/\/teletorn.ee\/fi\/tapahtumat\/viron-yleisradiotoiminnan-alkuvaiheet\/\" class=\"event-action\">Tutustu<\/a>\n                              <\/div>\n            <\/div>\n          <\/div>\n                  <div class=\"single-event-wrap\" style=\"background-image: url('https:\/\/teletorn.ee\/wp-content\/uploads\/2026\/03\/Sajand-Eesti-raadioeetris.-Esimesed-kumnendid-560-x-560-px.png');\">\n            <div class=\"single-event-wrap-inner\">\n              <h2><a href=\"https:\/\/teletorn.ee\/fi\/tapahtumat\/viron-radiohistorian-nayttely-tallinnan-tv-tornissa\/\">Vuosisata Viron radiossa. Ensimm\u00e4iset vuosikymmenet<\/a><\/h2>\n              <div class=\"events-actions\">\n                              <a href=\"https:\/\/teletorn.ee\/fi\/tapahtumat\/viron-radiohistorian-nayttely-tallinnan-tv-tornissa\/\" class=\"event-action sep\">Tutustu<\/a>\n                <a href=\"https:\/\/teletorn.ee\/fi\/osta-lippu\/\" class=\"event-action\" target=\"_blank\">Osta lippu<\/a>              <\/div>\n            <\/div>\n          <\/div>\n                  <div class=\"single-event-wrap\" style=\"background-image: url('https:\/\/teletorn.ee\/wp-content\/uploads\/2026\/03\/Sajand-Eesti-raadiokuulajaid-560-x-560-px.png');\">\n            <div class=\"single-event-wrap-inner\">\n              <h2><a href=\"https:\/\/teletorn.ee\/fi\/tapahtumat\/vuosisata-viron-radiokuulijoita\/\">Vuosisata Viron radiokuulijoita<\/a><\/h2>\n              <div class=\"events-actions\">\n                              <a href=\"https:\/\/teletorn.ee\/fi\/tapahtumat\/vuosisata-viron-radiokuulijoita\/\" class=\"event-action sep\">Tutustu<\/a>\n                <a href=\"https:\/\/teletorn.ee\/fi\/osta-lippu\/\" class=\"event-action\" target=\"_blank\">Osta lippu<\/a>              <\/div>\n            <\/div>\n          <\/div>\n                  <div class=\"single-event-wrap\" style=\"background-image: url('https:\/\/teletorn.ee\/wp-content\/uploads\/2026\/03\/teletorn-andres-roots-50-fienta-560x560px.png');\">\n            <div class=\"single-event-wrap-inner\">\n              <h2><a href=\"https:\/\/teletorn.ee\/fi\/tapahtumat\/andres-roots-50-konsertti-illallinen-tallinnan-tv-tornissa\/\">Andres Roots \u2013 50<\/a><\/h2>\n              <div class=\"events-actions\">\n                              <a href=\"https:\/\/teletorn.ee\/fi\/tapahtumat\/andres-roots-50-konsertti-illallinen-tallinnan-tv-tornissa\/\" class=\"event-action sep\">Tutustu<\/a>\n                <a href=\"https:\/\/fienta.com\/fi\/andres-roots-50-kontsert-ohtusook-teletorni-kohvik-restos\" class=\"event-action\" target=\"_blank\">Osta lippu<\/a>              <\/div>\n            <\/div>\n          <\/div>\n                  <div class=\"single-event-wrap\" style=\"background-image: url('https:\/\/teletorn.ee\/wp-content\/uploads\/2026\/04\/ETV-eledaamid-desktop-560-x-560-px.png');\">\n            <div class=\"single-event-wrap-inner\">\n              <h2><a href=\"https:\/\/teletorn.ee\/fi\/tapahtumat\/tv-legendojen-vuosisata-nayttely\/\">TV-legendojen vuosisata. ETV:n naiset<\/a><\/h2>\n              <div class=\"events-actions\">\n                              <a href=\"https:\/\/teletorn.ee\/fi\/tapahtumat\/tv-legendojen-vuosisata-nayttely\/\" class=\"event-action\">Tutustu<\/a>\n                              <\/div>\n            <\/div>\n          <\/div>\n                  <div class=\"single-event-wrap\" style=\"background-image: url('https:\/\/teletorn.ee\/wp-content\/uploads\/2026\/04\/Kogutud-hetked560-x-560-px.png');\">\n            <div class=\"single-event-wrap-inner\">\n              <h2><a href=\"https:\/\/teletorn.ee\/fi\/tapahtumat\/koottuja-hetkia-nayttely\/\">Koottuja hetki\u00e4<\/a><\/h2>\n              <div class=\"events-actions\">\n                              <a href=\"https:\/\/teletorn.ee\/fi\/tapahtumat\/koottuja-hetkia-nayttely\/\" class=\"event-action\">Tutustu<\/a>\n                              <\/div>\n            <\/div>\n          <\/div>\n                  <div class=\"single-event-wrap\" style=\"background-image: url('https:\/\/teletorn.ee\/wp-content\/uploads\/2026\/04\/teletorn-siin-tallinn-rahvusringhaaling100-esileht-1.png');\">\n            <div class=\"single-event-wrap-inner\">\n              <h2><a href=\"https:\/\/teletorn.ee\/fi\/tapahtumat\/taalla-tallinn-vuosisata-eetterissa\/\">T\u00e4\u00e4ll\u00e4 Tallinn! Vuosisata eetteriss\u00e4.<\/a><\/h2>\n              <div class=\"events-actions\">\n                              <a href=\"https:\/\/teletorn.ee\/fi\/tapahtumat\/taalla-tallinn-vuosisata-eetterissa\/\" class=\"event-action sep\">Tutustu<\/a>\n                <a href=\"https:\/\/teletorn.ee\/fi\/osta-lippu\/\" class=\"event-action\" target=\"_blank\">Osta lippu<\/a>              <\/div>\n            <\/div>\n          <\/div>\n        \n      <\/div><!-- all-events-wrap -->\n\n      <div class=\"pagination-wrap\">\n              <\/div><!-- pagination-wrap -->\n\n      \n  <\/div>\n<\/div>\n\n\n\n<hr class=\"wp-block-separator has-alpha-channel-opacity\"\/>\n","protected":false},"excerpt":{"rendered":"","protected":false},"author":1,"featured_media":2811,"parent":0,"menu_order":114,"comment_status":"closed","ping_status":"closed","template":"","meta":{"_acf_changed":false,"footnotes":""},"class_list":["post-2019","page","type-page","status-publish","has-post-thumbnail","hentry"],"acf":[],"yoast_head":"<!-- This site is optimized with the Yoast SEO Premium plugin v27.2 (Yoast SEO v27.5) - https:\/\/yoast.com\/product\/yoast-seo-premium-wordpress\/ -->\n<title>TV-tornin tapahtumat - Teletorn.ee<\/title>\n<meta name=\"description\" content=\"Teletorn.ee - TV-tornin tapahtumat\" \/>\n<meta name=\"robots\" content=\"index, follow, max-snippet:-1, max-image-preview:large, max-video-preview:-1\" \/>\n<link rel=\"canonical\" href=\"https:\/\/teletorn.ee\/fi\/tv-tornin-tapahtumat\/\" \/>\n<meta property=\"og:locale\" content=\"fi_FI\" \/>\n<meta property=\"og:type\" content=\"article\" \/>\n<meta property=\"og:title\" content=\"TV-tornin tapahtumat\" \/>\n<meta property=\"og:description\" content=\"Teletorn.ee - TV-tornin tapahtumat\" \/>\n<meta property=\"og:url\" content=\"https:\/\/teletorn.ee\/fi\/tv-tornin-tapahtumat\/\" \/>\n<meta property=\"og:site_name\" content=\"Teletorn.ee\" \/>\n<meta property=\"article:modified_time\" content=\"2025-12-30T14:44:49+00:00\" \/>\n<meta property=\"og:image\" content=\"https:\/\/teletorn.ee\/wp-content\/uploads\/2024\/07\/Teletorn-sundmused-2.jpg\" \/>\n\t<meta property=\"og:image:width\" content=\"560\" \/>\n\t<meta property=\"og:image:height\" content=\"560\" \/>\n\t<meta property=\"og:image:type\" content=\"image\/jpeg\" \/>\n<meta name=\"twitter:card\" content=\"summary_large_image\" \/>\n<meta name=\"twitter:label1\" content=\"Arvioitu lukuaika\" \/>\n\t<meta name=\"twitter:data1\" content=\"1 minuutti\" \/>\n<script type=\"application\/ld+json\" class=\"yoast-schema-graph\">{\"@context\":\"https:\\\/\\\/schema.org\",\"@graph\":[{\"@type\":\"WebPage\",\"@id\":\"https:\\\/\\\/teletorn.ee\\\/fi\\\/tv-tornin-tapahtumat\\\/\",\"url\":\"https:\\\/\\\/teletorn.ee\\\/fi\\\/tv-tornin-tapahtumat\\\/\",\"name\":\"TV-tornin tapahtumat - Teletorn.ee\",\"isPartOf\":{\"@id\":\"https:\\\/\\\/tt.uptodate.ee\\\/#website\"},\"primaryImageOfPage\":{\"@id\":\"https:\\\/\\\/teletorn.ee\\\/fi\\\/tv-tornin-tapahtumat\\\/#primaryimage\"},\"image\":{\"@id\":\"https:\\\/\\\/teletorn.ee\\\/fi\\\/tv-tornin-tapahtumat\\\/#primaryimage\"},\"thumbnailUrl\":\"https:\\\/\\\/teletorn.ee\\\/wp-content\\\/uploads\\\/2024\\\/07\\\/Teletorn-sundmused-2.jpg\",\"datePublished\":\"2024-03-23T12:49:21+00:00\",\"dateModified\":\"2025-12-30T14:44:49+00:00\",\"description\":\"Teletorn.ee - TV-tornin tapahtumat\",\"breadcrumb\":{\"@id\":\"https:\\\/\\\/teletorn.ee\\\/fi\\\/tv-tornin-tapahtumat\\\/#breadcrumb\"},\"inLanguage\":\"fi\",\"potentialAction\":[{\"@type\":\"ReadAction\",\"target\":[\"https:\\\/\\\/teletorn.ee\\\/fi\\\/tv-tornin-tapahtumat\\\/\"]}]},{\"@type\":\"ImageObject\",\"inLanguage\":\"fi\",\"@id\":\"https:\\\/\\\/teletorn.ee\\\/fi\\\/tv-tornin-tapahtumat\\\/#primaryimage\",\"url\":\"https:\\\/\\\/teletorn.ee\\\/wp-content\\\/uploads\\\/2024\\\/07\\\/Teletorn-sundmused-2.jpg\",\"contentUrl\":\"https:\\\/\\\/teletorn.ee\\\/wp-content\\\/uploads\\\/2024\\\/07\\\/Teletorn-sundmused-2.jpg\",\"width\":560,\"height\":560},{\"@type\":\"BreadcrumbList\",\"@id\":\"https:\\\/\\\/teletorn.ee\\\/fi\\\/tv-tornin-tapahtumat\\\/#breadcrumb\",\"itemListElement\":[{\"@type\":\"ListItem\",\"position\":1,\"name\":\"Home\",\"item\":\"https:\\\/\\\/teletorn.ee\\\/fi\\\/\"},{\"@type\":\"ListItem\",\"position\":2,\"name\":\"TV-tornin tapahtumat\"}]},{\"@type\":\"WebSite\",\"@id\":\"https:\\\/\\\/tt.uptodate.ee\\\/#website\",\"url\":\"https:\\\/\\\/tt.uptodate.ee\\\/\",\"name\":\"Teletorn.ee\",\"description\":\"\",\"potentialAction\":[{\"@type\":\"SearchAction\",\"target\":{\"@type\":\"EntryPoint\",\"urlTemplate\":\"https:\\\/\\\/tt.uptodate.ee\\\/?s={search_term_string}\"},\"query-input\":{\"@type\":\"PropertyValueSpecification\",\"valueRequired\":true,\"valueName\":\"search_term_string\"}}],\"inLanguage\":\"fi\"}]}<\/script>\n<!-- \/ Yoast SEO Premium plugin. -->","yoast_head_json":{"title":"TV-tornin tapahtumat - Teletorn.ee","description":"Teletorn.ee - TV-tornin tapahtumat","robots":{"index":"index","follow":"follow","max-snippet":"max-snippet:-1","max-image-preview":"max-image-preview:large","max-video-preview":"max-video-preview:-1"},"canonical":"https:\/\/teletorn.ee\/fi\/tv-tornin-tapahtumat\/","og_locale":"fi_FI","og_type":"article","og_title":"TV-tornin tapahtumat","og_description":"Teletorn.ee - TV-tornin tapahtumat","og_url":"https:\/\/teletorn.ee\/fi\/tv-tornin-tapahtumat\/","og_site_name":"Teletorn.ee","article_modified_time":"2025-12-30T14:44:49+00:00","og_image":[{"width":560,"height":560,"url":"https:\/\/teletorn.ee\/wp-content\/uploads\/2024\/07\/Teletorn-sundmused-2.jpg","type":"image\/jpeg"}],"twitter_card":"summary_large_image","twitter_misc":{"Arvioitu lukuaika":"1 minuutti"},"schema":{"@context":"https:\/\/schema.org","@graph":[{"@type":"WebPage","@id":"https:\/\/teletorn.ee\/fi\/tv-tornin-tapahtumat\/","url":"https:\/\/teletorn.ee\/fi\/tv-tornin-tapahtumat\/","name":"TV-tornin tapahtumat - Teletorn.ee","isPartOf":{"@id":"https:\/\/tt.uptodate.ee\/#website"},"primaryImageOfPage":{"@id":"https:\/\/teletorn.ee\/fi\/tv-tornin-tapahtumat\/#primaryimage"},"image":{"@id":"https:\/\/teletorn.ee\/fi\/tv-tornin-tapahtumat\/#primaryimage"},"thumbnailUrl":"https:\/\/teletorn.ee\/wp-content\/uploads\/2024\/07\/Teletorn-sundmused-2.jpg","datePublished":"2024-03-23T12:49:21+00:00","dateModified":"2025-12-30T14:44:49+00:00","description":"Teletorn.ee - TV-tornin tapahtumat","breadcrumb":{"@id":"https:\/\/teletorn.ee\/fi\/tv-tornin-tapahtumat\/#breadcrumb"},"inLanguage":"fi","potentialAction":[{"@type":"ReadAction","target":["https:\/\/teletorn.ee\/fi\/tv-tornin-tapahtumat\/"]}]},{"@type":"ImageObject","inLanguage":"fi","@id":"https:\/\/teletorn.ee\/fi\/tv-tornin-tapahtumat\/#primaryimage","url":"https:\/\/teletorn.ee\/wp-content\/uploads\/2024\/07\/Teletorn-sundmused-2.jpg","contentUrl":"https:\/\/teletorn.ee\/wp-content\/uploads\/2024\/07\/Teletorn-sundmused-2.jpg","width":560,"height":560},{"@type":"BreadcrumbList","@id":"https:\/\/teletorn.ee\/fi\/tv-tornin-tapahtumat\/#breadcrumb","itemListElement":[{"@type":"ListItem","position":1,"name":"Home","item":"https:\/\/teletorn.ee\/fi\/"},{"@type":"ListItem","position":2,"name":"TV-tornin tapahtumat"}]},{"@type":"WebSite","@id":"https:\/\/tt.uptodate.ee\/#website","url":"https:\/\/tt.uptodate.ee\/","name":"Teletorn.ee","description":"","potentialAction":[{"@type":"SearchAction","target":{"@type":"EntryPoint","urlTemplate":"https:\/\/tt.uptodate.ee\/?s={search_term_string}"},"query-input":{"@type":"PropertyValueSpecification","valueRequired":true,"valueName":"search_term_string"}}],"inLanguage":"fi"}]}},"_links":{"self":[{"href":"https:\/\/teletorn.ee\/fi\/wp-json\/wp\/v2\/pages\/2019","targetHints":{"allow":["GET"]}}],"collection":[{"href":"https:\/\/teletorn.ee\/fi\/wp-json\/wp\/v2\/pages"}],"about":[{"href":"https:\/\/teletorn.ee\/fi\/wp-json\/wp\/v2\/types\/page"}],"author":[{"embeddable":true,"href":"https:\/\/teletorn.ee\/fi\/wp-json\/wp\/v2\/users\/1"}],"replies":[{"embeddable":true,"href":"https:\/\/teletorn.ee\/fi\/wp-json\/wp\/v2\/comments?post=2019"}],"version-history":[{"count":3,"href":"https:\/\/teletorn.ee\/fi\/wp-json\/wp\/v2\/pages\/2019\/revisions"}],"predecessor-version":[{"id":12083,"href":"https:\/\/teletorn.ee\/fi\/wp-json\/wp\/v2\/pages\/2019\/revisions\/12083"}],"wp:featuredmedia":[{"embeddable":true,"href":"https:\/\/teletorn.ee\/fi\/wp-json\/wp\/v2\/media\/2811"}],"wp:attachment":[{"href":"https:\/\/teletorn.ee\/fi\/wp-json\/wp\/v2\/media?parent=2019"}],"curies":[{"name":"wp","href":"https:\/\/api.w.org\/{rel}","templated":true}]}}