{"id":9432,"date":"2025-04-16T14:15:39","date_gmt":"2025-04-16T11:15:39","guid":{"rendered":"https:\/\/teletorn.ee\/tietoja-tv-tornista\/historia\/"},"modified":"2025-04-21T14:32:32","modified_gmt":"2025-04-21T11:32:32","slug":"historia","status":"publish","type":"page","link":"https:\/\/teletorn.ee\/fi\/tietoja-tv-tornista\/historia\/","title":{"rendered":"Historia"},"content":{"rendered":"\n<div id=\"block_e83d7713adf603a8e220fbe3b0783164\" class=\"wp-block-spacer-custom\" aria-hidden=\"true\">\n\n<style media=\"screen\">\n  #block_e83d7713adf603a8e220fbe3b0783164{\n    clear: both;\n    height: 48px;\n  }\n  @media(max-width: 800px){\n    #block_e83d7713adf603a8e220fbe3b0783164{\n      height: 24px;\n    }\n  }\n<\/style>\n<\/div>\n\n<div class=\"wp-block-columns is-layout-flex wp-container-core-columns-is-layout-9d6595d7 wp-block-columns-is-layout-flex\">\n<div class=\"wp-block-column is-layout-flow wp-block-column-is-layout-flow\" style=\"flex-basis:30%\">\n<h2 class=\"wp-block-heading has-text-align-center\" id=\"h-ajalugu\">Historia<\/h2>\n\n\n\n<p>Moskova valittiin vuoden 1980 kes\u00e4olympialaisten is\u00e4nt\u00e4kaupungiksi, ja Tallinnassa j\u00e4rjestettiin olympialaisten purjehduskilpailut. Televisiotornin rakennus lis\u00e4ttiin olympiakohteiden luetteloon, mik\u00e4 takasi ns. vihre\u00e4n valon t\u00e4rke\u00e4n varustuksen saamiseksi. Sen vuoksi my\u00f6s Vilnan televisiotorniin tarkoitettu laite asennettiinkin Tallinnaan, ja televisiotorni k\u00e4ynnistettiin ajallaan, mutta Vilnan torni viiv\u00e4styi l\u00e4hes vuodella. Televisiotornin rakentaminen alkoi vuonna 1975, ja se valmistui juuri suunniteltuun aikaan menness\u00e4. Rakentaminen kesti muutamaa kuukautta vaille viisi vuotta.<\/p>\n\n\n\n<figure class=\"wp-block-image alignfull size-full\"><img loading=\"lazy\" decoding=\"async\" width=\"422\" height=\"250\" src=\"https:\/\/teletorn.ee\/wp-content\/uploads\/2025\/04\/teletorn-ajalugu-01.jpg\" alt=\"\" class=\"wp-image-9377\"\/><\/figure>\n\n\n\n<p>314 metri\u00e4 korkea Viron korkein rakennus avattiin 11. hein\u00e4kuuta 1980. Paikalla oli koko silloinen eliitti. Neuvostoliiton ajan todellisuutta kuvaa yksi televisiotornin silloisista ty\u00f6ntekij\u00f6ist\u00e4, Igor Lukas: \u201dVaikka olympialaisia varten torni kytkettiin toimintaan \u2212 katkaistiin vesi seuraavana p\u00e4iv\u00e4n\u00e4, ja seuraavaan kev\u00e4\u00e4seen asti meill\u00e4 oli kuivak\u00e4ym\u00e4l\u00e4.\u201d<\/p>\n\n\n\n<figure class=\"wp-block-image size-full\"><img loading=\"lazy\" decoding=\"async\" width=\"422\" height=\"250\" src=\"https:\/\/teletorn.ee\/wp-content\/uploads\/2025\/04\/teletorn-ajalugu-02.jpg\" alt=\"\" class=\"wp-image-9380\"\/><\/figure>\n\n\n\n<p>Tornista tuli nopeasti suosittu ajanviettopaikka. Siell\u00e4 juhlittiin sek\u00e4 virallisia ett\u00e4 perhepiirin tapahtumia.<\/p>\n\n\n\n<figure class=\"wp-block-image size-full\"><img loading=\"lazy\" decoding=\"async\" width=\"422\" height=\"250\" src=\"https:\/\/teletorn.ee\/wp-content\/uploads\/2025\/04\/teletorn-ajalugu-03.jpg\" alt=\"\" class=\"wp-image-9383\"\/><\/figure>\n\n\n\n<p>Tallinnan televisiotorni on yksi Viron itsen\u00e4isyyden palauttamisen t\u00e4rkeimpi\u00e4 symboleita, sill\u00e4 t\u00e4\u00e4ll\u00e4 tapahtui joukko tapahtumia, jotka liittyiv\u00e4t 20. elokuuta 1991 tehtyyn Viron tasavallan korkeimman neuvoston p\u00e4\u00e4t\u00f6kseen \u201dViron valtiollisesta itsen\u00e4isyydest\u00e4\u201d. Kuuntele Harri Tiidon vuonna 1991 nauhoitettu haastattelu televisiotornin suojelijoista, jotka puolustivat tornia t\u00e4ll\u00e4 ratkaisevalla hetkell\u00e4.<\/p>\n\n\n\n<figure class=\"wp-block-image size-full\"><img loading=\"lazy\" decoding=\"async\" width=\"422\" height=\"250\" src=\"https:\/\/teletorn.ee\/wp-content\/uploads\/2025\/04\/teletorn-ajalugu-04.jpg\" alt=\"\" class=\"wp-image-9386\"\/><\/figure>\n\n\n\n<p>70 metrin korkeudessa sijaitseva n\u00e4k\u00f6alatasanne oli avoinna k\u00e4vij\u00f6ille 26. marraskuuta 2007 asti, jolloin se suljettiin, koska paloturvallisuusvaatimukset eiv\u00e4t en\u00e4\u00e4 t\u00e4yttyneet.<\/p>\n\n\n\n<p>Torni avattiin uudelleen perusteellisesti uudistettuna 4. huhtikuuta 2012.<\/p>\n\n\n\n<p><strong>J\u00e4lleenrakennuksen arkkitehdit:<\/strong><\/p>\n\n\n\n<ul class=\"wp-block-list\">\n<li>Andrus K\u00f5resaar, Raivo Kotov, Margit Aule, Liis Lindvere ym.<\/li>\n\n\n\n<li>Arkkitehtitoimisto KOKO Arhitektid O\u00dc<\/li>\n<\/ul>\n\n\n\n<p>Arkkitehtien vision mukaan rakennettiin uusi sis\u00e4\u00e4nk\u00e4ynti, joka lis\u00e4\u00e4 loistoa ja s\u00e4ilytt\u00e4\u00e4 puhtaan n\u00e4kym\u00e4n tornille. Lis\u00e4ksi 22. kerrokseen avattiin ensimm\u00e4ist\u00e4 kertaa Pohjois-Euroopan korkein avoin n\u00e4k\u00f6alatasanne (175 m), luotiin moderni, interaktiivinen n\u00e4yttely ja uudistettiin julkiset tilat perusteellisesti. Pohjois-Euroopan korkeimman n\u00e4k\u00f6alan tarjoava ravintola avasi ovensa.<\/p>\n\n\n\n<figure class=\"wp-block-image size-full\"><img loading=\"lazy\" decoding=\"async\" width=\"422\" height=\"250\" src=\"https:\/\/teletorn.ee\/wp-content\/uploads\/2025\/04\/teletorn-ajalugu-05.jpg\" alt=\"\" class=\"wp-image-9389\"\/><\/figure>\n<\/div>\n\n\n\n<div class=\"wp-block-column is-layout-flow wp-block-column-is-layout-flow\" style=\"flex-basis:70%\">\n<h2 class=\"wp-block-heading has-text-align-center\" id=\"h-daatumid\">P\u00e4iv\u00e4m\u00e4\u00e4r\u00e4t<\/h2>\n\n\n\n<div class=\"wp-block-cp-timeline-content-timeline-block Cool-Content-Timeline\"><div class=\"cool-timeline-block-ba6fa56e-52e8-4421-a0c7-70a33f8817a2\"><style>.cool-timeline-block-ba6fa56e-52e8-4421-a0c7-70a33f8817a2 .cool-vertical-timeline-body{--ctlb-icon-color: #007696;--ctlb-line-color: #007696;--ctlb-icon-bg: #007696;--ctlb-story-border-color: #007696;}<\/style><div class=\"cool-vertical-timeline-body ctlb-wrapper both-sided left\"><div class=\"cool-timeline-block-list\">\n<div class=\"wp-block-cp-timeline-content-timeline-block-child swiper-slide\"><div class=\"timeline-content icon-false \"><div class=\"timeline-block-timeline ctl-row  position-right\"><div class=\"ctl-6 timeline-block-time\"><div class=\"story-time\"><p>30. syyskuuta 1975.<\/p><\/div><\/div><div class=\"timeline-block-icon\"><svg stroke=\"currentColor\" fill=\"currentColor\" stroke-width=\"0\" viewBox=\"0 0 512 512\" height=\"1em\" width=\"1em\" xmlns=\"http:\/\/www.w3.org\/2000\/svg\"><path d=\"M256 8C119 8 8 119 8 256s111 248 248 248 248-111 248-248S393 8 256 8z\"><\/path><\/svg><\/div><div class=\"ctl-6 timeline-block-detail\"><div class=\"story-details\"><div class=\"story-content\">\n<p class=\"ctlb-block-desc\" style=\"padding-top:0px;padding-right:0px;padding-bottom:0px;padding-left:0px\">Peruskiven muuraus. Tallinnan televisiotornin rakentamiseen osallistui 32 rakennusalan yrityst\u00e4. Suunnittelijoilla oli kaksi vaikeaa teht\u00e4v\u00e4\u00e4: valita televisiotornin rakenne ja rakennuspaikka. Rakenteellisesti torni koostuu kolmesta osasta: perustuksesta, 190 m:n korkuisesta ter\u00e4sbetonirungosta ja 124 m:n korkuisesta ter\u00e4santennista. 150\u2013182 m:n v\u00e4liss\u00e4 sijaitsee tornin yl\u00e4rakennelma, jonka halkaisija on 38 m.<br\/><\/p>\n<\/div><\/div><\/div><\/div><\/div><\/div>\n\n\n\n<div class=\"wp-block-cp-timeline-content-timeline-block-child swiper-slide\"><div class=\"timeline-content icon-false \"><div class=\"timeline-block-timeline ctl-row  position-left\"><div class=\"ctl-6 timeline-block-time\"><div class=\"story-time\"><p>toukokuuta 1977.<\/p><\/div><\/div><div class=\"timeline-block-icon\"><svg stroke=\"currentColor\" fill=\"currentColor\" stroke-width=\"0\" viewBox=\"0 0 512 512\" height=\"1em\" width=\"1em\" xmlns=\"http:\/\/www.w3.org\/2000\/svg\"><path d=\"M256 8C119 8 8 119 8 256s111 248 248 248 248-111 248-248S393 8 256 8z\"><\/path><\/svg><\/div><div class=\"ctl-6 timeline-block-detail\"><div class=\"story-details\"><div class=\"story-content\">\n<p class=\"ctlb-block-desc\" style=\"padding-top:0px;padding-right:0px;padding-bottom:0px;padding-left:0px\">Ter\u00e4sbetonirungon rakentaminen. Televisiotornin rakentamisessa k\u00e4ytettiin useita uusia teknisi\u00e4 ratkaisuja. Ter\u00e4sbetonirungon valmistuksessa k\u00e4ytettiin liukumuottimenetelm\u00e4\u00e4. Betonimuotti asennettiin 2,5 m:n korkeuteen, sitten asennettiin raudoituster\u00e4s ja valettiin betoni.<\/p>\n\n\n\n<p class=\"ctlb-block-desc\" style=\"padding-top:0px;padding-right:0px;padding-bottom:0px;padding-left:0px\">K\u00e4ytettiin betonia M-400, portlandsementti\u00e4, jossa on \u00f6ljyliusketuhkaa. Betonin kehittiv\u00e4t Tallinnan polyteknisen instituutin tutkijat professori Verner Kikasen johdolla. Asennuksessa k\u00e4ytettiin 17 500 tonnia betonia ja 330 km raudoituster\u00e4st\u00e4. Tornin kokonaispaino on noin 20 000 tonnia. Betoniosassa on 1050 porrasaskelmaa.<\/p>\n<\/div><\/div><\/div><\/div><\/div><\/div>\n\n\n\n<div class=\"wp-block-cp-timeline-content-timeline-block-child swiper-slide\"><div class=\"timeline-content icon-false \"><div class=\"timeline-block-timeline ctl-row  position-right\"><div class=\"ctl-6 timeline-block-time\"><div class=\"story-time\"><p>13. kes\u00e4kuuta 1978.<\/p><\/div><\/div><div class=\"timeline-block-icon\"><svg stroke=\"currentColor\" fill=\"currentColor\" stroke-width=\"0\" viewBox=\"0 0 512 512\" height=\"1em\" width=\"1em\" xmlns=\"http:\/\/www.w3.org\/2000\/svg\"><path d=\"M256 8C119 8 8 119 8 256s111 248 248 248 248-111 248-248S393 8 256 8z\"><\/path><\/svg><\/div><div class=\"ctl-6 timeline-block-detail\"><div class=\"story-details\"><div class=\"story-content\">\n<p class=\"ctlb-block-desc\" style=\"padding-top:0px;padding-right:0px;padding-bottom:0px;padding-left:0px\">Torni saavuttaa suunnitelmien mukaisen korkeuden 314 m. Tuulen lis\u00e4ksi torniin vaikuttaa auringon l\u00e4mp\u00f6, jonka vaikutuksesta huippu muodostaa ihmeellisen k\u00e4yr\u00e4n. N\u00e4k\u00f6tasanteen sallittu poikkeama tuulen vaikutuksesta on 0,9 m, huipulle sallittu poikkeama 1,5 m.<\/p>\n<\/div><\/div><\/div><\/div><\/div><\/div>\n\n\n\n<div class=\"wp-block-cp-timeline-content-timeline-block-child swiper-slide\"><div class=\"timeline-content icon-false \"><div class=\"timeline-block-timeline ctl-row  position-left\"><div class=\"ctl-6 timeline-block-time\"><div class=\"story-time\"><p>30. lokakuuta 1978.<\/p><\/div><\/div><div class=\"timeline-block-icon\"><svg stroke=\"currentColor\" fill=\"currentColor\" stroke-width=\"0\" viewBox=\"0 0 512 512\" height=\"1em\" width=\"1em\" xmlns=\"http:\/\/www.w3.org\/2000\/svg\"><path d=\"M256 8C119 8 8 119 8 256s111 248 248 248 248-111 248-248S393 8 256 8z\"><\/path><\/svg><\/div><div class=\"ctl-6 timeline-block-detail\"><div class=\"story-details\"><div class=\"story-content\">\n<p class=\"ctlb-block-desc\" style=\"padding-top:0px;padding-right:0px;padding-bottom:0px;padding-left:0px\">Ylemm\u00e4n rakennusosan kehikon nostaminen. Ylemm\u00e4n torniosan metallikehikko, joka painaa yli 120 tonnia, koottiin maan pinnalla tornin juuren ymp\u00e4rill\u00e4 ja nostettiin sitten 170 m:n korkeuteen. N\u00e4k\u00f6alatasanteen korkeus 170 m, n\u00e4k\u00f6alatasanteen halkaisija 38 m.<\/p>\n<\/div><\/div><\/div><\/div><\/div><\/div>\n\n\n\n<div class=\"wp-block-cp-timeline-content-timeline-block-child swiper-slide\"><div class=\"timeline-content icon-false \"><div class=\"timeline-block-timeline ctl-row  position-right\"><div class=\"ctl-6 timeline-block-time\"><div class=\"story-time\"><p>huhtikuuta 1980.<\/p><\/div><\/div><div class=\"timeline-block-icon\"><svg stroke=\"currentColor\" fill=\"currentColor\" stroke-width=\"0\" viewBox=\"0 0 512 512\" height=\"1em\" width=\"1em\" xmlns=\"http:\/\/www.w3.org\/2000\/svg\"><path d=\"M256 8C119 8 8 119 8 256s111 248 248 248 248-111 248-248S393 8 256 8z\"><\/path><\/svg><\/div><div class=\"ctl-6 timeline-block-detail\"><div class=\"story-details\"><div class=\"story-content\">\n<h3 class=\"wp-block-heading ctlb-block-title\" id=\"h-\" style=\"padding-top:0px;padding-right:0px;padding-bottom:0px;padding-left:0px\"><\/h3>\n\n\n\n<p class=\"ctlb-block-desc\" style=\"padding-top:0px;padding-right:0px;padding-bottom:0px;padding-left:0px\">Ty\u00f6njohtaja V\u00e4ino Saar est\u00e4\u00e4 katastrofin. Hitsaajan huolimattomuuden takia tornin juurella olevassa kuilussa olevat kaapelit syttyiv\u00e4t. Tuli levisi nopeasti, ja tornin metalliosat uhkasivat sulaa. Saar pystyi katkaisemaan palavat kaapelit viime hetkell\u00e4.<\/p>\n<\/div><\/div><\/div><\/div><\/div><\/div>\n\n\n\n<div class=\"wp-block-cp-timeline-content-timeline-block-child swiper-slide\"><div class=\"timeline-content icon-false \"><div class=\"timeline-block-timeline ctl-row  position-left\"><div class=\"ctl-6 timeline-block-time\"><div class=\"story-time\"><p>11. hein\u00e4kuuta 1980.<\/p><\/div><\/div><div class=\"timeline-block-icon\"><svg stroke=\"currentColor\" fill=\"currentColor\" stroke-width=\"0\" viewBox=\"0 0 512 512\" height=\"1em\" width=\"1em\" xmlns=\"http:\/\/www.w3.org\/2000\/svg\"><path d=\"M256 8C119 8 8 119 8 256s111 248 248 248 248-111 248-248S393 8 256 8z\"><\/path><\/svg><\/div><div class=\"ctl-6 timeline-block-detail\"><div class=\"story-details\"><div class=\"story-content\">\n<h3 class=\"wp-block-heading ctlb-block-title\" id=\"h-\" style=\"padding-top:0px;padding-right:0px;padding-bottom:0px;padding-left:0px\"><\/h3>\n\n\n\n<p class=\"ctlb-block-desc\" style=\"padding-top:0px;padding-right:0px;padding-bottom:0px;padding-left:0px\">Tallinnan televisiotornin viralliset avajaiset.<\/p>\n<\/div><\/div><\/div><\/div><\/div><\/div>\n\n\n\n<div class=\"wp-block-cp-timeline-content-timeline-block-child swiper-slide\"><div class=\"timeline-content icon-false \"><div class=\"timeline-block-timeline ctl-row  position-right\"><div class=\"ctl-6 timeline-block-time\"><div class=\"story-time\"><p>20. joulukuuta 1979.<\/p><\/div><\/div><div class=\"timeline-block-icon\"><svg stroke=\"currentColor\" fill=\"currentColor\" stroke-width=\"0\" viewBox=\"0 0 512 512\" height=\"1em\" width=\"1em\" xmlns=\"http:\/\/www.w3.org\/2000\/svg\"><path d=\"M256 8C119 8 8 119 8 256s111 248 248 248 248-111 248-248S393 8 256 8z\"><\/path><\/svg><\/div><div class=\"ctl-6 timeline-block-detail\"><div class=\"story-details\"><div class=\"story-content\">\n<h3 class=\"wp-block-heading ctlb-block-title\" id=\"h-\" style=\"padding-top:0px;padding-right:0px;padding-bottom:0px;padding-left:0px\"><\/h3>\n\n\n\n<p class=\"ctlb-block-desc\" style=\"padding-top:0px;padding-right:0px;padding-bottom:0px;padding-left:0px\">Ensimm\u00e4inen signaali l\u00e4hetet\u00e4\u00e4n eetteriin.<\/p>\n<\/div><\/div><\/div><\/div><\/div><\/div>\n\n\n\n<div class=\"wp-block-cp-timeline-content-timeline-block-child swiper-slide\"><div class=\"timeline-content icon-false \"><div class=\"timeline-block-timeline ctl-row  position-left\"><div class=\"ctl-6 timeline-block-time\"><div class=\"story-time\"><p>22. hein\u00e4kuuta 1980.<\/p><\/div><\/div><div class=\"timeline-block-icon\"><svg stroke=\"currentColor\" fill=\"currentColor\" stroke-width=\"0\" viewBox=\"0 0 512 512\" height=\"1em\" width=\"1em\" xmlns=\"http:\/\/www.w3.org\/2000\/svg\"><path d=\"M256 8C119 8 8 119 8 256s111 248 248 248 248-111 248-248S393 8 256 8z\"><\/path><\/svg><\/div><div class=\"ctl-6 timeline-block-detail\"><div class=\"story-details\"><div class=\"story-content\">\n<h3 class=\"wp-block-heading ctlb-block-title\" id=\"h-\" style=\"padding-top:0px;padding-right:0px;padding-bottom:0px;padding-left:0px\"><\/h3>\n\n\n\n<p class=\"ctlb-block-desc\" style=\"padding-top:0px;padding-right:0px;padding-bottom:0px;padding-left:0px\">1.8.1980 asti Moskovan kes\u00e4olympialaisten purjehduskilpailu, jota varten Tallinnaan valmistuneiden lukuisien rakennusten joukkoon kuului my\u00f6s uusi televisiotorni.<br\/><\/p>\n<\/div><\/div><\/div><\/div><\/div><\/div>\n\n\n\n<div class=\"wp-block-cp-timeline-content-timeline-block-child swiper-slide\"><div class=\"timeline-content icon-false \"><div class=\"timeline-block-timeline ctl-row  position-right\"><div class=\"ctl-6 timeline-block-time\"><div class=\"story-time\"><p>19. elokuuta 1991.<\/p><\/div><\/div><div class=\"timeline-block-icon\"><svg stroke=\"currentColor\" fill=\"currentColor\" stroke-width=\"0\" viewBox=\"0 0 512 512\" height=\"1em\" width=\"1em\" xmlns=\"http:\/\/www.w3.org\/2000\/svg\"><path d=\"M256 8C119 8 8 119 8 256s111 248 248 248 248-111 248-248S393 8 256 8z\"><\/path><\/svg><\/div><div class=\"ctl-6 timeline-block-detail\"><div class=\"story-details\"><div class=\"story-content\">\n<h3 class=\"wp-block-heading ctlb-block-title\" id=\"h-\" style=\"padding-top:0px;padding-right:0px;padding-bottom:0px;padding-left:0px\"><\/h3>\n\n\n\n<p class=\"ctlb-block-desc\" style=\"padding-top:0px;padding-right:0px;padding-bottom:0px;padding-left:0px\">Moskovassa elokuun vallankaappausyritys. Neuvostoliitossa tapahtuneen vallankaappausyrityksen yhteydess\u00e4 vanhoillisten kommunistien muodostama valtiollinen poikkeustilakomitea yritti syrj\u00e4ytt\u00e4\u00e4 v\u00e4kivaltaisesti Neuvostoliiton presidentin Mihail Gorbat\u0161ovin vallasta ja tehd\u00e4 lopun h\u00e4nen liberaaliselle perestroikapolitiikalleen.<br\/><\/p>\n<\/div><\/div><\/div><\/div><\/div><\/div>\n\n\n\n<div class=\"wp-block-cp-timeline-content-timeline-block-child swiper-slide\"><div class=\"timeline-content icon-false \"><div class=\"timeline-block-timeline ctl-row  position-left\"><div class=\"ctl-6 timeline-block-time\"><div class=\"story-time\"><p>20. elokuuta 1991.<\/p><\/div><\/div><div class=\"timeline-block-icon\"><svg stroke=\"currentColor\" fill=\"currentColor\" stroke-width=\"0\" viewBox=\"0 0 512 512\" height=\"1em\" width=\"1em\" xmlns=\"http:\/\/www.w3.org\/2000\/svg\"><path d=\"M256 8C119 8 8 119 8 256s111 248 248 248 248-111 248-248S393 8 256 8z\"><\/path><\/svg><\/div><div class=\"ctl-6 timeline-block-detail\"><div class=\"story-details\"><div class=\"story-content\">\n<h3 class=\"wp-block-heading ctlb-block-title\" id=\"h-\" style=\"padding-top:0px;padding-right:0px;padding-bottom:0px;padding-left:0px\"><\/h3>\n\n\n\n<p class=\"ctlb-block-desc\" style=\"padding-top:0px;padding-right:0px;padding-bottom:0px;padding-left:0px\">V\u00e4h\u00e4n ennen keskiy\u00f6t\u00e4 Viron tasavallan korkein neuvosto p\u00e4\u00e4tti, ett\u00e4 Viro ei en\u00e4\u00e4 kuulu Neuvostoliittoon ja on j\u00e4lleen itsen\u00e4inen tasavalta. Varhain aamulla 21. elokuuta Neuvostoliiton maahanlaskujoukot tekiv\u00e4t yrityksen vallata Tallinnan televisiotorni. Ihmisi\u00e4 ymp\u00e4ri Viroa saapui suojelemaan tornia. Muutamia aseistautuneita virolaisia sulkeutui tornin huipulla sijaitseviin tiloihin.<br\/><\/p>\n<\/div><\/div><\/div><\/div><\/div><\/div>\n\n\n\n<div class=\"wp-block-cp-timeline-content-timeline-block-child swiper-slide\"><div class=\"timeline-content icon-false \"><div class=\"timeline-block-timeline ctl-row  position-right\"><div class=\"ctl-6 timeline-block-time\"><div class=\"story-time\"><p>20. marraskuuta 2007.<\/p><\/div><\/div><div class=\"timeline-block-icon\"><svg stroke=\"currentColor\" fill=\"currentColor\" stroke-width=\"0\" viewBox=\"0 0 512 512\" height=\"1em\" width=\"1em\" xmlns=\"http:\/\/www.w3.org\/2000\/svg\"><path d=\"M256 8C119 8 8 119 8 256s111 248 248 248 248-111 248-248S393 8 256 8z\"><\/path><\/svg><\/div><div class=\"ctl-6 timeline-block-detail\"><div class=\"story-details\"><div class=\"story-content\">\n<h3 class=\"wp-block-heading ctlb-block-title\" id=\"h-\" style=\"padding-top:0px;padding-right:0px;padding-bottom:0px;padding-left:0px\"><\/h3>\n\n\n\n<p class=\"ctlb-block-desc\" style=\"padding-top:0px;padding-right:0px;padding-bottom:0px;padding-left:0px\">Televisiotornin 170 metrin korkeudessa sijaitseva n\u00e4k\u00f6alatasanne suljetaan vierailijoilta, sill\u00e4 se ei en\u00e4\u00e4 t\u00e4yt\u00e4 paloturvallisuusvaatimuksia.<br\/><\/p>\n<\/div><\/div><\/div><\/div><\/div><\/div>\n\n\n\n<div class=\"wp-block-cp-timeline-content-timeline-block-child swiper-slide\"><div class=\"timeline-content icon-false \"><div class=\"timeline-block-timeline ctl-row  position-left\"><div class=\"ctl-6 timeline-block-time\"><div class=\"story-time\"><p>2009<\/p><\/div><\/div><div class=\"timeline-block-icon\"><svg stroke=\"currentColor\" fill=\"currentColor\" stroke-width=\"0\" viewBox=\"0 0 512 512\" height=\"1em\" width=\"1em\" xmlns=\"http:\/\/www.w3.org\/2000\/svg\"><path d=\"M256 8C119 8 8 119 8 256s111 248 248 248 248-111 248-248S393 8 256 8z\"><\/path><\/svg><\/div><div class=\"ctl-6 timeline-block-detail\"><div class=\"story-details\"><div class=\"story-content\">\n<h3 class=\"wp-block-heading ctlb-block-title\" id=\"h-\" style=\"padding-top:0px;padding-right:0px;padding-bottom:0px;padding-left:0px\"><\/h3>\n\n\n\n<p class=\"ctlb-block-desc\" style=\"padding-top:0px;padding-right:0px;padding-bottom:0px;padding-left:0px\">P\u00e4\u00e4tettiin kunnostaa torni.<\/p>\n<\/div><\/div><\/div><\/div><\/div><\/div>\n\n\n\n<div class=\"wp-block-cp-timeline-content-timeline-block-child swiper-slide\"><div class=\"timeline-content icon-false \"><div class=\"timeline-block-timeline ctl-row  position-right\"><div class=\"ctl-6 timeline-block-time\"><div class=\"story-time\"><p>2010<\/p><\/div><\/div><div class=\"timeline-block-icon\"><svg stroke=\"currentColor\" fill=\"currentColor\" stroke-width=\"0\" viewBox=\"0 0 512 512\" height=\"1em\" width=\"1em\" xmlns=\"http:\/\/www.w3.org\/2000\/svg\"><path d=\"M256 8C119 8 8 119 8 256s111 248 248 248 248-111 248-248S393 8 256 8z\"><\/path><\/svg><\/div><div class=\"ctl-6 timeline-block-detail\"><div class=\"story-details\"><div class=\"story-content\">\n<h3 class=\"wp-block-heading ctlb-block-title\" id=\"h-\" style=\"padding-top:0px;padding-right:0px;padding-bottom:0px;padding-left:0px\"><\/h3>\n\n\n\n<p class=\"ctlb-block-desc\" style=\"padding-top:0px;padding-right:0px;padding-bottom:0px;padding-left:0px\">Rakennusty\u00f6t alkoivat toukokuussa.<\/p>\n<\/div><\/div><\/div><\/div><\/div><\/div>\n\n\n\n<div class=\"wp-block-cp-timeline-content-timeline-block-child swiper-slide\"><div class=\"timeline-content icon-false \"><div class=\"timeline-block-timeline ctl-row  position-left\"><div class=\"ctl-6 timeline-block-time\"><div class=\"story-time\"><p>huhtikuuta 2012.<\/p><\/div><\/div><div class=\"timeline-block-icon\"><svg stroke=\"currentColor\" fill=\"currentColor\" stroke-width=\"0\" viewBox=\"0 0 512 512\" height=\"1em\" width=\"1em\" xmlns=\"http:\/\/www.w3.org\/2000\/svg\"><path d=\"M256 8C119 8 8 119 8 256s111 248 248 248 248-111 248-248S393 8 256 8z\"><\/path><\/svg><\/div><div class=\"ctl-6 timeline-block-detail\"><div class=\"story-details\"><div class=\"story-content\">\n<h3 class=\"wp-block-heading ctlb-block-title\" id=\"h-\" style=\"padding-top:0px;padding-right:0px;padding-bottom:0px;padding-left:0px\"><\/h3>\n\n\n\n<p class=\"ctlb-block-desc\" style=\"padding-top:0px;padding-right:0px;padding-bottom:0px;padding-left:0px\">Perusteellisen kunnostuksen j\u00e4lkeen legendaarinen Tallinnan televisiotorni avataan j\u00e4lleen vierailijoille. Televisiotornista on tullut el\u00e4myskeskus, joka tarjoaa monia mahdollisuuksia sek\u00e4 suurille ett\u00e4 pienille. Avataan my\u00f6s futuristinen n\u00e4yttelytila Viron huippusaavutuksista ja Pohjois-Euroopan korkeimman n\u00e4k\u00f6alan tarjoava ravintola.<br\/><\/p>\n<\/div><\/div><\/div><\/div><\/div><\/div>\n\n\n\n<div class=\"wp-block-cp-timeline-content-timeline-block-child swiper-slide\"><div class=\"timeline-content icon-false \"><div class=\"timeline-block-timeline ctl-row  position-right\"><div class=\"ctl-6 timeline-block-time\"><div class=\"story-time\"><p>11. hein\u00e4kuuta 2012.<\/p><\/div><\/div><div class=\"timeline-block-icon\"><svg stroke=\"currentColor\" fill=\"currentColor\" stroke-width=\"0\" viewBox=\"0 0 512 512\" height=\"1em\" width=\"1em\" xmlns=\"http:\/\/www.w3.org\/2000\/svg\"><path d=\"M256 8C119 8 8 119 8 256s111 248 248 248 248-111 248-248S393 8 256 8z\"><\/path><\/svg><\/div><div class=\"ctl-6 timeline-block-detail\"><div class=\"story-details\"><div class=\"story-content\">\n<h3 class=\"wp-block-heading ctlb-block-title\" id=\"h-\" style=\"padding-top:0px;padding-right:0px;padding-bottom:0px;padding-left:0px\"><\/h3>\n\n\n\n<p class=\"ctlb-block-desc\" style=\"padding-top:0px;padding-right:0px;padding-bottom:0px;padding-left:0px\">T\u00e4st\u00e4 l\u00e4htien televisiotorni juhlii joka vuosi syntym\u00e4p\u00e4iv\u00e4\u00e4ns\u00e4, johon kuuluu Base Jump Boogie, eli laskuvarjohyppyj\u00e4 televisiotornista. Televisiotorni on yksi harvoista rakennuksista maailmassa, jossa t\u00e4llaista extreme-lajia voi virallisesti harrastaa, ja siksi paikalla on koko base-laskuvarjohypp\u00e4\u00e4jien eliitti. Laskuvarjohypp\u00e4\u00e4ji\u00e4 on osallistunut 20 eri maasta, kaukaisimmat paikat ovat Kolumbia ja Australia.<br\/><\/p>\n<\/div><\/div><\/div><\/div><\/div><\/div>\n\n\n\n<div class=\"wp-block-cp-timeline-content-timeline-block-child swiper-slide\"><div class=\"timeline-content icon-false \"><div class=\"timeline-block-timeline ctl-row  position-left\"><div class=\"ctl-6 timeline-block-time\"><div class=\"story-time\"><p>tammikuuta 2013.<\/p><\/div><\/div><div class=\"timeline-block-icon\"><svg stroke=\"currentColor\" fill=\"currentColor\" stroke-width=\"0\" viewBox=\"0 0 512 512\" height=\"1em\" width=\"1em\" xmlns=\"http:\/\/www.w3.org\/2000\/svg\"><path d=\"M256 8C119 8 8 119 8 256s111 248 248 248 248-111 248-248S393 8 256 8z\"><\/path><\/svg><\/div><div class=\"ctl-6 timeline-block-detail\"><div class=\"story-details\"><div class=\"story-content\">\n<h3 class=\"wp-block-heading ctlb-block-title\" id=\"h-\" style=\"padding-top:0px;padding-right:0px;padding-bottom:0px;padding-left:0px\"><\/h3>\n\n\n\n<p class=\"ctlb-block-desc\" style=\"padding-top:0px;padding-right:0px;padding-bottom:0px;padding-left:0px\">Maineikas The World Federation of Great Towers (Maailman suurenmoisten tornien liitto) otti Tallinnan televisiotornin virallisesti j\u00e4senekseen. Liiton j\u00e4seneksi otettavien tornien on oltava avoinna yleis\u00f6lle, joten pelkk\u00e4 korkeus ei riit\u00e4. Liiton korkein torni on Burj Kalifa, 828 metri\u00e4. Tallinnan tv-torni on 40 j\u00e4senen joukossa 314 metrin korkeudellaan sijalla 19. Samalla se on Pohjois-Euroopan korkein julkinen rakennus.<br\/><\/p>\n<\/div><\/div><\/div><\/div><\/div><\/div>\n\n\n\n<div class=\"wp-block-cp-timeline-content-timeline-block-child swiper-slide\"><div class=\"timeline-content icon-false \"><div class=\"timeline-block-timeline ctl-row  position-right\"><div class=\"ctl-6 timeline-block-time\"><div class=\"story-time\"><p>21. tammikuuta 2013.<\/p><\/div><\/div><div class=\"timeline-block-icon\"><svg stroke=\"currentColor\" fill=\"currentColor\" stroke-width=\"0\" viewBox=\"0 0 512 512\" height=\"1em\" width=\"1em\" xmlns=\"http:\/\/www.w3.org\/2000\/svg\"><path d=\"M256 8C119 8 8 119 8 256s111 248 248 248 248-111 248-248S393 8 256 8z\"><\/path><\/svg><\/div><div class=\"ctl-6 timeline-block-detail\"><div class=\"story-details\"><div class=\"story-content\">\n<h3 class=\"wp-block-heading ctlb-block-title\" id=\"h-\" style=\"padding-top:0px;padding-right:0px;padding-bottom:0px;padding-left:0px\"><\/h3>\n\n\n\n<p class=\"ctlb-block-desc\" style=\"padding-top:0px;padding-right:0px;padding-bottom:0px;padding-left:0px\">Kello 12.00 esiteltiin Tallinnan televisiotornissa Viron ensimm\u00e4inen satelliitti ESTCube-1. Ensimm\u00e4ist\u00e4 ja viimeist\u00e4 kertaa oli mahdollisuus n\u00e4hd\u00e4 julkisesti huhtikuussa avaruuteen lent\u00e4v\u00e4 satelliitti, joka aloitti jo samana iltana matkansa Euroopan avaruussatamaan Ranskan Guyanassa. T\u00e4st\u00e4 hetkest\u00e4 alkaen Viro on ollut avaruusvaltio.<br\/><\/p>\n<\/div><\/div><\/div><\/div><\/div><\/div>\n\n\n\n<div class=\"wp-block-cp-timeline-content-timeline-block-child swiper-slide\"><div class=\"timeline-content icon-false \"><div class=\"timeline-block-timeline ctl-row  position-left\"><div class=\"ctl-6 timeline-block-time\"><div class=\"story-time\"><p>11. kes\u00e4kuuta 2013.<\/p><\/div><\/div><div class=\"timeline-block-icon\"><svg stroke=\"currentColor\" fill=\"currentColor\" stroke-width=\"0\" viewBox=\"0 0 512 512\" height=\"1em\" width=\"1em\" xmlns=\"http:\/\/www.w3.org\/2000\/svg\"><path d=\"M256 8C119 8 8 119 8 256s111 248 248 248 248-111 248-248S393 8 256 8z\"><\/path><\/svg><\/div><div class=\"ctl-6 timeline-block-detail\"><div class=\"story-details\"><div class=\"story-content\">\n<h3 class=\"wp-block-heading ctlb-block-title\" id=\"h-\" style=\"padding-top:0px;padding-right:0px;padding-bottom:0px;padding-left:0px\"><\/h3>\n\n\n\n<p class=\"ctlb-block-desc\" style=\"padding-top:0px;padding-right:0px;padding-bottom:0px;padding-left:0px\">Tallinnan televisiotornissa avattiin Baltian maissa ja Pohjoismaissa ainutlaatuinen n\u00e4ht\u00e4vyys \u2212 reunak\u00e4vely. Nyt on mahdollista nostaa adrenaliinia televisiotornin korkeuksissa ja l\u00e4hte\u00e4 k\u00e4velylle tornin 22. kerrokseen, Pohjois-Euroopan korkeimmalle avoimelle tasanteelle (175 m).<br\/><\/p>\n<\/div><\/div><\/div><\/div><\/div><\/div>\n\n\n\n<div class=\"wp-block-cp-timeline-content-timeline-block-child swiper-slide\"><div class=\"timeline-content icon-false \"><div class=\"timeline-block-timeline ctl-row  position-right\"><div class=\"ctl-6 timeline-block-time\"><div class=\"story-time\"><p>2014<\/p><\/div><\/div><div class=\"timeline-block-icon\"><svg stroke=\"currentColor\" fill=\"currentColor\" stroke-width=\"0\" viewBox=\"0 0 512 512\" height=\"1em\" width=\"1em\" xmlns=\"http:\/\/www.w3.org\/2000\/svg\"><path d=\"M256 8C119 8 8 119 8 256s111 248 248 248 248-111 248-248S393 8 256 8z\"><\/path><\/svg><\/div><div class=\"ctl-6 timeline-block-detail\"><div class=\"story-details\"><div class=\"story-content\">\n<h3 class=\"wp-block-heading ctlb-block-title\" id=\"h-\" style=\"padding-top:0px;padding-right:0px;padding-bottom:0px;padding-left:0px\"><\/h3>\n\n\n\n<p class=\"ctlb-block-desc\" style=\"padding-top:0px;padding-right:0px;padding-bottom:0px;padding-left:0px\">T\u00e4st\u00e4 vuodesta alkaen televisiotorni on kuulunut porrasjuoksun (Tallinn TV Tower Run) Premium Race -kilpailuna maailman porrasjuoksun kilpasarjaan ja WFGT (World Federation of Great Towers) Towerrunning Challenge -osakilpailuihin. 30 nopeinta miest\u00e4 ja naista ansaitsee t\u00e4\u00e4ll\u00e4 maailmancupin pisteit\u00e4. Sarjaan osallistuu v\u00e4hint\u00e4\u00e4n 8 eri maassa ja eri mantereilla sijaitsevaa tornia. Televisiotornin portaiden nopeimman ajan juoksi 5. huhtikuuta 2015 maailmanmestari Piotr Lobodzinski (ajalla 4.29).<br\/><\/p>\n<\/div><\/div><\/div><\/div><\/div><\/div>\n\n\n\n<div class=\"wp-block-cp-timeline-content-timeline-block-child swiper-slide\"><div class=\"timeline-content icon-false \"><div class=\"timeline-block-timeline ctl-row  position-left\"><div class=\"ctl-6 timeline-block-time\"><div class=\"story-time\"><p>toukokuuta 2015.<\/p><\/div><\/div><div class=\"timeline-block-icon\"><svg stroke=\"currentColor\" fill=\"currentColor\" stroke-width=\"0\" viewBox=\"0 0 512 512\" height=\"1em\" width=\"1em\" xmlns=\"http:\/\/www.w3.org\/2000\/svg\"><path d=\"M256 8C119 8 8 119 8 256s111 248 248 248 248-111 248-248S393 8 256 8z\"><\/path><\/svg><\/div><div class=\"ctl-6 timeline-block-detail\"><div class=\"story-details\"><div class=\"story-content\">\n<h3 class=\"wp-block-heading ctlb-block-title\" id=\"h-\" style=\"padding-top:0px;padding-right:0px;padding-bottom:0px;padding-left:0px\"><\/h3>\n\n\n\n<p class=\"ctlb-block-desc\" style=\"padding-top:0px;padding-right:0px;padding-bottom:0px;padding-left:0px\">Avattiin n\u00e4yttely &#8221;El\u00e4v\u00e4 universumi&#8221;, joka toteutettiin yhteisty\u00f6ss\u00e4 T\u00f5raveren observatorion kanssa.<\/p>\n<\/div><\/div><\/div><\/div><\/div><\/div>\n\n\n\n<div class=\"wp-block-cp-timeline-content-timeline-block-child swiper-slide\"><div class=\"timeline-content icon-false \"><div class=\"timeline-block-timeline ctl-row  position-right\"><div class=\"ctl-6 timeline-block-time\"><div class=\"story-time\"><p>2017<\/p><\/div><\/div><div class=\"timeline-block-icon\"><svg stroke=\"currentColor\" fill=\"currentColor\" stroke-width=\"0\" viewBox=\"0 0 512 512\" height=\"1em\" width=\"1em\" xmlns=\"http:\/\/www.w3.org\/2000\/svg\"><path d=\"M256 8C119 8 8 119 8 256s111 248 248 248 248-111 248-248S393 8 256 8z\"><\/path><\/svg><\/div><div class=\"ctl-6 timeline-block-detail\"><div class=\"story-details\"><div class=\"story-content\">\n<h3 class=\"wp-block-heading ctlb-block-title\" id=\"h-\" style=\"padding-top:0px;padding-right:0px;padding-bottom:0px;padding-left:0px\"><\/h3>\n\n\n\n<p class=\"ctlb-block-desc\" style=\"padding-top:0px;padding-right:0px;padding-bottom:0px;padding-left:0px\">Avattiin nostalgian\u00e4yttely &#8221;Banaaneja ei ole&#8221;, joka esitteli el\u00e4m\u00e4\u00e4 1970-luvun Virossa.<\/p>\n<\/div><\/div><\/div><\/div><\/div><\/div>\n\n\n\n<div class=\"wp-block-cp-timeline-content-timeline-block-child swiper-slide\"><div class=\"timeline-content icon-false \"><div class=\"timeline-block-timeline ctl-row  position-left\"><div class=\"ctl-6 timeline-block-time\"><div class=\"story-time\"><p>maaliskuu 2019.<\/p><\/div><\/div><div class=\"timeline-block-icon\"><svg stroke=\"currentColor\" fill=\"currentColor\" stroke-width=\"0\" viewBox=\"0 0 512 512\" height=\"1em\" width=\"1em\" xmlns=\"http:\/\/www.w3.org\/2000\/svg\"><path d=\"M256 8C119 8 8 119 8 256s111 248 248 248 248-111 248-248S393 8 256 8z\"><\/path><\/svg><\/div><div class=\"ctl-6 timeline-block-detail\"><div class=\"story-details\"><div class=\"story-content\">\n<h3 class=\"wp-block-heading ctlb-block-title\" id=\"h-\" style=\"padding-top:0px;padding-right:0px;padding-bottom:0px;padding-left:0px\"><\/h3>\n\n\n\n<p class=\"ctlb-block-desc\" style=\"padding-top:0px;padding-right:0px;padding-bottom:0px;padding-left:0px\">Yhteisty\u00f6ss\u00e4 Viron geenipankin kanssa avattiin n\u00e4yttely &#8221;Geeniaalinen&#8221;, joka toi esiin Viron menestystarinan geeniteknologian alalla.<\/p>\n<\/div><\/div><\/div><\/div><\/div><\/div>\n\n\n\n<div class=\"wp-block-cp-timeline-content-timeline-block-child swiper-slide\"><div class=\"timeline-content icon-false \"><div class=\"timeline-block-timeline ctl-row  position-right\"><div class=\"ctl-6 timeline-block-time\"><div class=\"story-time\"><p>joulukuuta 2019.<\/p><\/div><\/div><div class=\"timeline-block-icon\"><svg stroke=\"currentColor\" fill=\"currentColor\" stroke-width=\"0\" viewBox=\"0 0 512 512\" height=\"1em\" width=\"1em\" xmlns=\"http:\/\/www.w3.org\/2000\/svg\"><path d=\"M256 8C119 8 8 119 8 256s111 248 248 248 248-111 248-248S393 8 256 8z\"><\/path><\/svg><\/div><div class=\"ctl-6 timeline-block-detail\"><div class=\"story-details\"><div class=\"story-content\">\n<h3 class=\"wp-block-heading ctlb-block-title\" id=\"h-\" style=\"padding-top:0px;padding-right:0px;padding-bottom:0px;padding-left:0px\"><\/h3>\n\n\n\n<p class=\"ctlb-block-desc\" style=\"padding-top:0px;padding-right:0px;padding-bottom:0px;padding-left:0px\">Avattiin VR-el\u00e4mys &#8221;Lento TV-tornin ymp\u00e4ri&#8221;.<\/p>\n<\/div><\/div><\/div><\/div><\/div><\/div>\n\n\n\n<div class=\"wp-block-cp-timeline-content-timeline-block-child swiper-slide\"><div class=\"timeline-content icon-false \"><div class=\"timeline-block-timeline ctl-row  position-left\"><div class=\"ctl-6 timeline-block-time\"><div class=\"story-time\"><p>huhtikuuta 2024.<\/p><\/div><\/div><div class=\"timeline-block-icon\"><svg stroke=\"currentColor\" fill=\"currentColor\" stroke-width=\"0\" viewBox=\"0 0 512 512\" height=\"1em\" width=\"1em\" xmlns=\"http:\/\/www.w3.org\/2000\/svg\"><path d=\"M256 8C119 8 8 119 8 256s111 248 248 248 248-111 248-248S393 8 256 8z\"><\/path><\/svg><\/div><div class=\"ctl-6 timeline-block-detail\"><div class=\"story-details\"><div class=\"story-content\">\n<h3 class=\"wp-block-heading ctlb-block-title\" id=\"h-\" style=\"padding-top:0px;padding-right:0px;padding-bottom:0px;padding-left:0px\"><\/h3>\n\n\n\n<p class=\"ctlb-block-desc\" style=\"padding-top:0px;padding-right:0px;padding-bottom:0px;padding-left:0px\">Avattiin n\u00e4yttely &#8221;Gustave Eiffel \u2013 yh\u00e4 korkeammalle&#8221;, joka oli omistettu Eiffelin tornin 135-vuotisjuhlalle.<\/p>\n<\/div><\/div><\/div><\/div><\/div><\/div>\n\n\n\n<div class=\"wp-block-cp-timeline-content-timeline-block-child swiper-slide\"><div class=\"timeline-content icon-false \"><div class=\"timeline-block-timeline ctl-row  position-right\"><div class=\"ctl-6 timeline-block-time\"><div class=\"story-time\"><p>huhtikuuta 2025.<\/p><\/div><\/div><div class=\"timeline-block-icon\"><svg stroke=\"currentColor\" fill=\"currentColor\" stroke-width=\"0\" viewBox=\"0 0 512 512\" height=\"1em\" width=\"1em\" xmlns=\"http:\/\/www.w3.org\/2000\/svg\"><path d=\"M256 8C119 8 8 119 8 256s111 248 248 248 248-111 248-248S393 8 256 8z\"><\/path><\/svg><\/div><div class=\"ctl-6 timeline-block-detail\"><div class=\"story-details\"><div class=\"story-content\">\n<h3 class=\"wp-block-heading ctlb-block-title\" id=\"h-\" style=\"padding-top:0px;padding-right:0px;padding-bottom:0px;padding-left:0px\"><\/h3>\n\n\n\n<p class=\"ctlb-block-desc\" style=\"padding-top:0px;padding-right:0px;padding-bottom:0px;padding-left:0px\">Avattiin taiteilija Mery Crystal Ran (siviilinimelt\u00e4\u00e4n Meeli K\u00f5iva) yksityisn\u00e4yttely &#8221;N\u00e4kym\u00e4t\u00f6n&#8221;.<\/p>\n<\/div><\/div><\/div><\/div><\/div><\/div>\n<\/div><\/div><\/div><\/div>\n<\/div>\n<\/div>\n","protected":false},"excerpt":{"rendered":"<p>Historia Moskova valittiin vuoden 1980 kes\u00e4olympialaisten is\u00e4nt\u00e4kaupungiksi, ja Tallinnassa j\u00e4rjestettiin olympialaisten purjehduskilpailut. Televisiotornin rakennus lis\u00e4ttiin olympiakohteiden luetteloon, mik\u00e4 takasi ns. vihre\u00e4n valon t\u00e4rke\u00e4n varustuksen saamiseksi. Sen vuoksi my\u00f6s Vilnan televisiotorniin tarkoitettu laite asennettiinkin Tallinnaan, ja televisiotorni k\u00e4ynnistettiin ajallaan, mutta Vilnan torni viiv\u00e4styi l\u00e4hes vuodella. Televisiotornin rakentaminen alkoi vuonna 1975, ja se valmistui juuri suunniteltuun aikaan [&hellip;]<\/p>\n","protected":false},"author":11,"featured_media":0,"parent":1705,"menu_order":6,"comment_status":"closed","ping_status":"closed","template":"template-gutenberg.php","meta":{"_acf_changed":false,"footnotes":""},"class_list":["post-9432","page","type-page","status-publish","hentry"],"acf":[],"yoast_head":"<!-- This site is optimized with the Yoast SEO Premium plugin v27.2 (Yoast SEO v27.4) - https:\/\/yoast.com\/product\/yoast-seo-premium-wordpress\/ -->\n<title>Historia - Teletorn.ee<\/title>\n<meta name=\"description\" content=\"Teletorn.ee - Historia\" \/>\n<meta name=\"robots\" content=\"index, follow, max-snippet:-1, max-image-preview:large, max-video-preview:-1\" \/>\n<link rel=\"canonical\" href=\"https:\/\/teletorn.ee\/fi\/tietoja-tv-tornista\/historia\/\" \/>\n<meta property=\"og:locale\" content=\"fi_FI\" \/>\n<meta property=\"og:type\" content=\"article\" \/>\n<meta property=\"og:title\" content=\"Historia\" \/>\n<meta property=\"og:description\" content=\"Teletorn.ee - Historia\" \/>\n<meta property=\"og:url\" content=\"https:\/\/teletorn.ee\/fi\/tietoja-tv-tornista\/historia\/\" \/>\n<meta property=\"og:site_name\" content=\"Teletorn.ee\" \/>\n<meta property=\"article:modified_time\" content=\"2025-04-21T11:32:32+00:00\" \/>\n<meta property=\"og:image\" content=\"https:\/\/teletorn.ee\/wp-content\/uploads\/2025\/04\/teletorn-ajalugu-01.jpg\" \/>\n\t<meta property=\"og:image:width\" content=\"422\" \/>\n\t<meta property=\"og:image:height\" content=\"250\" \/>\n\t<meta property=\"og:image:type\" content=\"image\/jpeg\" \/>\n<meta name=\"twitter:card\" content=\"summary_large_image\" \/>\n<meta name=\"twitter:label1\" content=\"Arvioitu lukuaika\" \/>\n\t<meta name=\"twitter:data1\" content=\"5 minuuttia\" \/>\n<script type=\"application\/ld+json\" class=\"yoast-schema-graph\">{\"@context\":\"https:\\\/\\\/schema.org\",\"@graph\":[{\"@type\":\"WebPage\",\"@id\":\"https:\\\/\\\/teletorn.ee\\\/fi\\\/tietoja-tv-tornista\\\/historia\\\/\",\"url\":\"https:\\\/\\\/teletorn.ee\\\/fi\\\/tietoja-tv-tornista\\\/historia\\\/\",\"name\":\"Historia - Teletorn.ee\",\"isPartOf\":{\"@id\":\"https:\\\/\\\/tt.uptodate.ee\\\/#website\"},\"primaryImageOfPage\":{\"@id\":\"https:\\\/\\\/teletorn.ee\\\/fi\\\/tietoja-tv-tornista\\\/historia\\\/#primaryimage\"},\"image\":{\"@id\":\"https:\\\/\\\/teletorn.ee\\\/fi\\\/tietoja-tv-tornista\\\/historia\\\/#primaryimage\"},\"thumbnailUrl\":\"https:\\\/\\\/teletorn.ee\\\/wp-content\\\/uploads\\\/2025\\\/04\\\/teletorn-ajalugu-01.jpg\",\"datePublished\":\"2025-04-16T11:15:39+00:00\",\"dateModified\":\"2025-04-21T11:32:32+00:00\",\"description\":\"Teletorn.ee - Historia\",\"breadcrumb\":{\"@id\":\"https:\\\/\\\/teletorn.ee\\\/fi\\\/tietoja-tv-tornista\\\/historia\\\/#breadcrumb\"},\"inLanguage\":\"fi\",\"potentialAction\":[{\"@type\":\"ReadAction\",\"target\":[\"https:\\\/\\\/teletorn.ee\\\/fi\\\/tietoja-tv-tornista\\\/historia\\\/\"]}]},{\"@type\":\"ImageObject\",\"inLanguage\":\"fi\",\"@id\":\"https:\\\/\\\/teletorn.ee\\\/fi\\\/tietoja-tv-tornista\\\/historia\\\/#primaryimage\",\"url\":\"https:\\\/\\\/teletorn.ee\\\/wp-content\\\/uploads\\\/2025\\\/04\\\/teletorn-ajalugu-01.jpg\",\"contentUrl\":\"https:\\\/\\\/teletorn.ee\\\/wp-content\\\/uploads\\\/2025\\\/04\\\/teletorn-ajalugu-01.jpg\"},{\"@type\":\"BreadcrumbList\",\"@id\":\"https:\\\/\\\/teletorn.ee\\\/fi\\\/tietoja-tv-tornista\\\/historia\\\/#breadcrumb\",\"itemListElement\":[{\"@type\":\"ListItem\",\"position\":1,\"name\":\"Home\",\"item\":\"https:\\\/\\\/teletorn.ee\\\/fi\\\/\"},{\"@type\":\"ListItem\",\"position\":2,\"name\":\"Tietoa TV-tornista\",\"item\":\"https:\\\/\\\/teletorn.ee\\\/fi\\\/tietoja-tv-tornista\\\/\"},{\"@type\":\"ListItem\",\"position\":3,\"name\":\"Historia\"}]},{\"@type\":\"WebSite\",\"@id\":\"https:\\\/\\\/tt.uptodate.ee\\\/#website\",\"url\":\"https:\\\/\\\/tt.uptodate.ee\\\/\",\"name\":\"Teletorn.ee\",\"description\":\"\",\"potentialAction\":[{\"@type\":\"SearchAction\",\"target\":{\"@type\":\"EntryPoint\",\"urlTemplate\":\"https:\\\/\\\/tt.uptodate.ee\\\/?s={search_term_string}\"},\"query-input\":{\"@type\":\"PropertyValueSpecification\",\"valueRequired\":true,\"valueName\":\"search_term_string\"}}],\"inLanguage\":\"fi\"}]}<\/script>\n<!-- \/ Yoast SEO Premium plugin. -->","yoast_head_json":{"title":"Historia - Teletorn.ee","description":"Teletorn.ee - Historia","robots":{"index":"index","follow":"follow","max-snippet":"max-snippet:-1","max-image-preview":"max-image-preview:large","max-video-preview":"max-video-preview:-1"},"canonical":"https:\/\/teletorn.ee\/fi\/tietoja-tv-tornista\/historia\/","og_locale":"fi_FI","og_type":"article","og_title":"Historia","og_description":"Teletorn.ee - Historia","og_url":"https:\/\/teletorn.ee\/fi\/tietoja-tv-tornista\/historia\/","og_site_name":"Teletorn.ee","article_modified_time":"2025-04-21T11:32:32+00:00","og_image":[{"width":422,"height":250,"url":"https:\/\/teletorn.ee\/wp-content\/uploads\/2025\/04\/teletorn-ajalugu-01.jpg","type":"image\/jpeg"}],"twitter_card":"summary_large_image","twitter_misc":{"Arvioitu lukuaika":"5 minuuttia"},"schema":{"@context":"https:\/\/schema.org","@graph":[{"@type":"WebPage","@id":"https:\/\/teletorn.ee\/fi\/tietoja-tv-tornista\/historia\/","url":"https:\/\/teletorn.ee\/fi\/tietoja-tv-tornista\/historia\/","name":"Historia - Teletorn.ee","isPartOf":{"@id":"https:\/\/tt.uptodate.ee\/#website"},"primaryImageOfPage":{"@id":"https:\/\/teletorn.ee\/fi\/tietoja-tv-tornista\/historia\/#primaryimage"},"image":{"@id":"https:\/\/teletorn.ee\/fi\/tietoja-tv-tornista\/historia\/#primaryimage"},"thumbnailUrl":"https:\/\/teletorn.ee\/wp-content\/uploads\/2025\/04\/teletorn-ajalugu-01.jpg","datePublished":"2025-04-16T11:15:39+00:00","dateModified":"2025-04-21T11:32:32+00:00","description":"Teletorn.ee - Historia","breadcrumb":{"@id":"https:\/\/teletorn.ee\/fi\/tietoja-tv-tornista\/historia\/#breadcrumb"},"inLanguage":"fi","potentialAction":[{"@type":"ReadAction","target":["https:\/\/teletorn.ee\/fi\/tietoja-tv-tornista\/historia\/"]}]},{"@type":"ImageObject","inLanguage":"fi","@id":"https:\/\/teletorn.ee\/fi\/tietoja-tv-tornista\/historia\/#primaryimage","url":"https:\/\/teletorn.ee\/wp-content\/uploads\/2025\/04\/teletorn-ajalugu-01.jpg","contentUrl":"https:\/\/teletorn.ee\/wp-content\/uploads\/2025\/04\/teletorn-ajalugu-01.jpg"},{"@type":"BreadcrumbList","@id":"https:\/\/teletorn.ee\/fi\/tietoja-tv-tornista\/historia\/#breadcrumb","itemListElement":[{"@type":"ListItem","position":1,"name":"Home","item":"https:\/\/teletorn.ee\/fi\/"},{"@type":"ListItem","position":2,"name":"Tietoa TV-tornista","item":"https:\/\/teletorn.ee\/fi\/tietoja-tv-tornista\/"},{"@type":"ListItem","position":3,"name":"Historia"}]},{"@type":"WebSite","@id":"https:\/\/tt.uptodate.ee\/#website","url":"https:\/\/tt.uptodate.ee\/","name":"Teletorn.ee","description":"","potentialAction":[{"@type":"SearchAction","target":{"@type":"EntryPoint","urlTemplate":"https:\/\/tt.uptodate.ee\/?s={search_term_string}"},"query-input":{"@type":"PropertyValueSpecification","valueRequired":true,"valueName":"search_term_string"}}],"inLanguage":"fi"}]}},"_links":{"self":[{"href":"https:\/\/teletorn.ee\/fi\/wp-json\/wp\/v2\/pages\/9432","targetHints":{"allow":["GET"]}}],"collection":[{"href":"https:\/\/teletorn.ee\/fi\/wp-json\/wp\/v2\/pages"}],"about":[{"href":"https:\/\/teletorn.ee\/fi\/wp-json\/wp\/v2\/types\/page"}],"author":[{"embeddable":true,"href":"https:\/\/teletorn.ee\/fi\/wp-json\/wp\/v2\/users\/11"}],"replies":[{"embeddable":true,"href":"https:\/\/teletorn.ee\/fi\/wp-json\/wp\/v2\/comments?post=9432"}],"version-history":[{"count":4,"href":"https:\/\/teletorn.ee\/fi\/wp-json\/wp\/v2\/pages\/9432\/revisions"}],"predecessor-version":[{"id":9452,"href":"https:\/\/teletorn.ee\/fi\/wp-json\/wp\/v2\/pages\/9432\/revisions\/9452"}],"up":[{"embeddable":true,"href":"https:\/\/teletorn.ee\/fi\/wp-json\/wp\/v2\/pages\/1705"}],"wp:attachment":[{"href":"https:\/\/teletorn.ee\/fi\/wp-json\/wp\/v2\/media?parent=9432"}],"curies":[{"name":"wp","href":"https:\/\/api.w.org\/{rel}","templated":true}]}}